{"id":3413,"date":"2023-02-27T11:33:42","date_gmt":"2023-02-27T11:33:42","guid":{"rendered":"https:\/\/luxedrive.qodeinteractive.com\/?page_id=3413"},"modified":"2025-10-21T17:43:07","modified_gmt":"2025-10-21T15:43:07","slug":"services-accessoires","status":"publish","type":"page","link":"https:\/\/www.automobiles-caveng.ch\/mercedes-benz\/services-accessoires\/","title":{"rendered":"Service &#038; accessoires"},"content":{"rendered":"\t\t<div data-elementor-type=\"wp-page\" data-elementor-id=\"3413\" class=\"elementor elementor-3413\">\n\t\t\t\t\t\t<section class=\"has_eae_slider elementor-section elementor-top-section elementor-element elementor-element-4c4aff7 elementor-section-full_width qodef-elementor-content-grid qodef-extended-grid qodef-extended-grid--right elementor-section-height-default elementor-section-height-default\" data-eae-slider=\"61546\" data-id=\"4c4aff7\" data-element_type=\"section\" data-e-type=\"section\" data-settings=\"{&quot;background_background&quot;:&quot;classic&quot;}\">\n\t\t\t\t\t\t<div class=\"elementor-container elementor-column-gap-default\">\n\t\t\t\t\t<div class=\"has_eae_slider elementor-column elementor-col-50 elementor-top-column elementor-element elementor-element-4055084\" data-eae-slider=\"66360\" data-id=\"4055084\" data-element_type=\"column\" data-e-type=\"column\">\n\t\t\t<div class=\"elementor-widget-wrap elementor-element-populated\">\n\t\t\t\t\t\t<div class=\"elementor-element elementor-element-e1a644c elementor-widget elementor-widget-luxedrive_core_section_title\" data-id=\"e1a644c\" data-element_type=\"widget\" data-e-type=\"widget\" data-widget_type=\"luxedrive_core_section_title.default\">\n\t\t\t\t<div class=\"elementor-widget-container\">\n\t\t\t\t\t<div class=\"qodef-shortcode qodef-m qodef-section-title qodef-alignment--left\">\n\t\t<h1 class=\"qodef-m-title\" style=\"color: #FFFFFF\">\n\t\t\t\t\tServices &amp; Accessoires.\t\t\t<\/h1>\n\t\t<span class=\"qodef-m-subtitle\" style=\"color: #256F9C\">Mercedes-Benz<\/span>\n\t\t<p class=\"qodef-m-text\" style=\"margin-top: 26px;color: #A6A6A6\">Mercedes-Benz vous propose un large panel de services et d&#039;accessoires pens\u00e9s, d\u00e9velopp\u00e9s et certifi\u00e9s pour votre v\u00e9hicule.\nNotre savoir-faire et nos technologies r\u00e9pondent aux exigences les plus hautes en termes de qualit\u00e9.\n\n<\/p>\n<\/div>\n\t\t\t\t<\/div>\n\t\t\t\t<\/div>\n\t\t\t\t\t<\/div>\n\t\t<\/div>\n\t\t\t\t<div class=\"has_eae_slider elementor-column elementor-col-50 elementor-top-column elementor-element elementor-element-603025e\" data-eae-slider=\"87330\" data-id=\"603025e\" data-element_type=\"column\" data-e-type=\"column\">\n\t\t\t<div class=\"elementor-widget-wrap elementor-element-populated\">\n\t\t\t\t\t\t<section class=\"has_eae_slider elementor-section elementor-inner-section elementor-element elementor-element-659f05e elementor-section-full_width elementor-section-height-default elementor-section-height-default\" data-eae-slider=\"63442\" data-id=\"659f05e\" data-element_type=\"section\" data-e-type=\"section\">\n\t\t\t\t\t\t<div class=\"elementor-container elementor-column-gap-default\">\n\t\t\t\t\t<div class=\"has_eae_slider elementor-column elementor-col-50 elementor-inner-column elementor-element elementor-element-0040460\" data-eae-slider=\"1789\" data-id=\"0040460\" data-element_type=\"column\" data-e-type=\"column\">\n\t\t\t<div class=\"elementor-widget-wrap elementor-element-populated\">\n\t\t\t\t\t\t<div class=\"elementor-element elementor-element-d52c5d6 elementor-widget elementor-widget-luxedrive_core_single_image\" data-id=\"d52c5d6\" data-element_type=\"widget\" data-e-type=\"widget\" data-widget_type=\"luxedrive_core_single_image.default\">\n\t\t\t\t<div class=\"elementor-widget-container\">\n\t\t\t\t\t<div class=\"qodef-shortcode qodef-m qodef-single-image qodef-layout--default\">\n\t\t\t<div class=\"qodef-m-image\" >\n\t\t\t\t\t\t\t\t<img fetchpriority=\"high\" decoding=\"async\" width=\"999\" height=\"1500\" src=\"https:\/\/www.automobiles-caveng.ch\/mercedes-benz\/wp-content\/uploads\/2023\/11\/services-mercedes-benz-caveng.jpeg\" class=\"attachment-full size-full\" alt=\"\" srcset=\"https:\/\/www.automobiles-caveng.ch\/mercedes-benz\/wp-content\/uploads\/2023\/11\/services-mercedes-benz-caveng.jpeg 999w, https:\/\/www.automobiles-caveng.ch\/mercedes-benz\/wp-content\/uploads\/2023\/11\/services-mercedes-benz-caveng-200x300.jpeg 200w, https:\/\/www.automobiles-caveng.ch\/mercedes-benz\/wp-content\/uploads\/2023\/11\/services-mercedes-benz-caveng-682x1024.jpeg 682w, https:\/\/www.automobiles-caveng.ch\/mercedes-benz\/wp-content\/uploads\/2023\/11\/services-mercedes-benz-caveng-768x1153.jpeg 768w\" sizes=\"(max-width: 999px) 100vw, 999px\" \/>\t\t\t\t\t\t\t<\/div>\n\t<\/div>\n\t\t\t\t<\/div>\n\t\t\t\t<\/div>\n\t\t\t\t\t<\/div>\n\t\t<\/div>\n\t\t\t\t<div class=\"has_eae_slider elementor-column elementor-col-50 elementor-inner-column elementor-element elementor-element-89d648b\" data-eae-slider=\"96671\" data-id=\"89d648b\" data-element_type=\"column\" data-e-type=\"column\">\n\t\t\t<div class=\"elementor-widget-wrap elementor-element-populated\">\n\t\t\t\t\t\t<div class=\"elementor-element elementor-element-73b3c65 elementor-widget elementor-widget-luxedrive_core_single_image\" data-id=\"73b3c65\" data-element_type=\"widget\" data-e-type=\"widget\" data-widget_type=\"luxedrive_core_single_image.default\">\n\t\t\t\t<div class=\"elementor-widget-container\">\n\t\t\t\t\t<div class=\"qodef-shortcode qodef-m qodef-single-image qodef-layout--default\">\n\t\t\t<div class=\"qodef-m-image\" >\n\t\t\t\t\t\t\t\t<img decoding=\"async\" width=\"1000\" height=\"1500\" src=\"https:\/\/www.automobiles-caveng.ch\/mercedes-benz\/wp-content\/uploads\/2023\/11\/services.jpg\" class=\"attachment-full size-full\" alt=\"\" srcset=\"https:\/\/www.automobiles-caveng.ch\/mercedes-benz\/wp-content\/uploads\/2023\/11\/services.jpg 1000w, https:\/\/www.automobiles-caveng.ch\/mercedes-benz\/wp-content\/uploads\/2023\/11\/services-600x900.jpg 600w, https:\/\/www.automobiles-caveng.ch\/mercedes-benz\/wp-content\/uploads\/2023\/11\/services-200x300.jpg 200w, https:\/\/www.automobiles-caveng.ch\/mercedes-benz\/wp-content\/uploads\/2023\/11\/services-683x1024.jpg 683w, https:\/\/www.automobiles-caveng.ch\/mercedes-benz\/wp-content\/uploads\/2023\/11\/services-768x1152.jpg 768w\" sizes=\"(max-width: 1000px) 100vw, 1000px\" \/>\t\t\t\t\t\t\t<\/div>\n\t<\/div>\n\t\t\t\t<\/div>\n\t\t\t\t<\/div>\n\t\t\t\t\t<\/div>\n\t\t<\/div>\n\t\t\t\t\t<\/div>\n\t\t<\/section>\n\t\t\t\t\t<\/div>\n\t\t<\/div>\n\t\t\t\t\t<\/div>\n\t\t<\/section>\n\t\t\t\t<section class=\"has_eae_slider elementor-section elementor-top-section elementor-element elementor-element-fdf6fee elementor-section-full_width qodef-elementor-content-grid elementor-section-height-default elementor-section-height-default\" data-eae-slider=\"98823\" data-id=\"fdf6fee\" data-element_type=\"section\" data-e-type=\"section\" data-settings=\"{&quot;background_background&quot;:&quot;classic&quot;}\">\n\t\t\t\t\t\t<div class=\"elementor-container elementor-column-gap-default\">\n\t\t\t\t\t<div class=\"has_eae_slider elementor-column elementor-col-100 elementor-top-column elementor-element elementor-element-802ba43\" data-eae-slider=\"76162\" data-id=\"802ba43\" data-element_type=\"column\" data-e-type=\"column\">\n\t\t\t<div class=\"elementor-widget-wrap elementor-element-populated\">\n\t\t\t\t\t\t<div class=\"elementor-element elementor-element-541cb85 elementor-widget__width-initial elementor-widget elementor-widget-luxedrive_core_section_title\" data-id=\"541cb85\" data-element_type=\"widget\" data-e-type=\"widget\" data-widget_type=\"luxedrive_core_section_title.default\">\n\t\t\t\t<div class=\"elementor-widget-container\">\n\t\t\t\t\t<div class=\"qodef-shortcode qodef-m qodef-section-title qodef-alignment--left qodef-title-break--disabled\">\n\t\t<h2 class=\"qodef-m-title\" style=\"color: #000000\">\n\t\t\t\t\tPrendre rendez-vous \u00e0 l'atelier.\t\t\t<\/h2>\n\t\t<span class=\"qodef-m-subtitle\" style=\"color: #256F9C\">Mercedes-Benz<\/span>\n\t\t<p class=\"qodef-m-text\" >Planifiez facilement vos entretiens, r\u00e9parations et autres services avec un r\u00e9parateur Mercedes-Benz pr\u00e8s de chez vous.<\/p>\n<\/div>\n\t\t\t\t<\/div>\n\t\t\t\t<\/div>\n\t\t\t\t<div class=\"elementor-element elementor-element-4e09533 elementor-widget elementor-widget-luxedrive_core_button\" data-id=\"4e09533\" data-element_type=\"widget\" data-e-type=\"widget\" data-widget_type=\"luxedrive_core_button.default\">\n\t\t\t\t<div class=\"elementor-widget-container\">\n\t\t\t\t\t<a class=\"qodef-shortcode qodef-m qodef-button qodef-layout--outlined qodef-html--link\" href=\"https:\/\/www.mercedes-benz.ch\/fr\/passengercars\/services\/online-appointment-booking.html#\/\" target=\"_blank\" data-hover-color=\"#256F9C\" style=\"color: #000000\">\n\t<span class=\"qodef-m-text\">Rendez-vous<\/span>\n<\/a>\n\t\t\t\t<\/div>\n\t\t\t\t<\/div>\n\t\t\t\t\t<\/div>\n\t\t<\/div>\n\t\t\t\t\t<\/div>\n\t\t<\/section>\n\t\t\t\t<section class=\"has_eae_slider elementor-section elementor-top-section elementor-element elementor-element-7f4dbcf elementor-section-full_width elementor-section-height-default elementor-section-height-default\" data-eae-slider=\"47646\" data-id=\"7f4dbcf\" data-element_type=\"section\" data-e-type=\"section\" data-settings=\"{&quot;background_background&quot;:&quot;classic&quot;}\">\n\t\t\t\t\t\t<div class=\"elementor-container elementor-column-gap-default\">\n\t\t\t\t\t<div class=\"has_eae_slider elementor-column elementor-col-50 elementor-top-column elementor-element elementor-element-1a14685\" data-eae-slider=\"82888\" data-id=\"1a14685\" data-element_type=\"column\" data-e-type=\"column\" data-settings=\"{&quot;background_background&quot;:&quot;classic&quot;}\">\n\t\t\t<div class=\"elementor-widget-wrap elementor-element-populated\">\n\t\t\t\t\t\t<div class=\"elementor-element elementor-element-4ff7885 elementor-widget elementor-widget-spacer\" data-id=\"4ff7885\" data-element_type=\"widget\" data-e-type=\"widget\" data-widget_type=\"spacer.default\">\n\t\t\t\t<div class=\"elementor-widget-container\">\n\t\t\t\t\t\t\t<div class=\"elementor-spacer\">\n\t\t\t<div class=\"elementor-spacer-inner\"><\/div>\n\t\t<\/div>\n\t\t\t\t\t\t<\/div>\n\t\t\t\t<\/div>\n\t\t\t\t\t<\/div>\n\t\t<\/div>\n\t\t\t\t<div class=\"has_eae_slider elementor-column elementor-col-50 elementor-top-column elementor-element elementor-element-e9b70b7\" data-eae-slider=\"95027\" data-id=\"e9b70b7\" data-element_type=\"column\" data-e-type=\"column\" data-settings=\"{&quot;background_background&quot;:&quot;classic&quot;}\">\n\t\t\t<div class=\"elementor-widget-wrap elementor-element-populated\">\n\t\t\t\t\t\t<div class=\"elementor-element elementor-element-121ed36 elementor-widget elementor-widget-luxedrive_core_section_title\" data-id=\"121ed36\" data-element_type=\"widget\" data-e-type=\"widget\" data-widget_type=\"luxedrive_core_section_title.default\">\n\t\t\t\t<div class=\"elementor-widget-container\">\n\t\t\t\t\t<div class=\"qodef-shortcode qodef-m qodef-section-title qodef-alignment--left qodef-title-break--disabled\">\n\t\t<h2 class=\"qodef-m-title\" style=\"color: #FFFFFF\">\n\t\t\t\t\tMaintenance, r\u00e9paration et garantie.<br \/>\t\t\t<\/h2>\n\t\t<span class=\"qodef-m-subtitle\" style=\"color: #256F9C\">Mercedes-Benz<\/span>\n\t<\/div>\n\t\t\t\t<\/div>\n\t\t\t\t<\/div>\n\t\t\t\t<section class=\"has_eae_slider elementor-section elementor-inner-section elementor-element elementor-element-470a0d7 elementor-section-full_width elementor-section-height-default elementor-section-height-default\" data-eae-slider=\"41847\" data-id=\"470a0d7\" data-element_type=\"section\" data-e-type=\"section\">\n\t\t\t\t\t\t<div class=\"elementor-container elementor-column-gap-default\">\n\t\t\t\t\t<div class=\"has_eae_slider elementor-column elementor-col-100 elementor-inner-column elementor-element elementor-element-7cf6fc5\" data-eae-slider=\"60681\" data-id=\"7cf6fc5\" data-element_type=\"column\" data-e-type=\"column\">\n\t\t\t<div class=\"elementor-widget-wrap elementor-element-populated\">\n\t\t\t\t\t\t<div class=\"elementor-element elementor-element-d277a1d elementor-widget elementor-widget-text-editor\" data-id=\"d277a1d\" data-element_type=\"widget\" data-e-type=\"widget\" data-widget_type=\"text-editor.default\">\n\t\t\t\t<div class=\"elementor-widget-container\">\n\t\t\t\t\t\t\t\t\t<p><strong>Services de maintenance de Mercedes-Benz.<\/strong><\/p><div class=\"owc-stage__description wb-type-copy\"><p>Maintenance r\u00e9guli\u00e8re effectu\u00e9e par nos sp\u00e9cialistes pour la s\u00e9curit\u00e9, la fiabilit\u00e9 et la valeur de votre Mercedes-Benz.<\/p><\/div><div class=\"owc-stage__pricing wb-price wb-price--medium\">\u00a0<\/div>\t\t\t\t\t\t\t\t<\/div>\n\t\t\t\t<\/div>\n\t\t\t\t\t<\/div>\n\t\t<\/div>\n\t\t\t\t\t<\/div>\n\t\t<\/section>\n\t\t\t\t<div class=\"elementor-element elementor-element-b03a863 elementor-widget elementor-widget-luxedrive_core_button\" data-id=\"b03a863\" data-element_type=\"widget\" data-e-type=\"widget\" data-widget_type=\"luxedrive_core_button.default\">\n\t\t\t\t<div class=\"elementor-widget-container\">\n\t\t\t\t\t<a class=\"qodef-shortcode qodef-m qodef-button qodef-layout--outlined qodef-html--link\" href=\"https:\/\/www.mercedes-benz-chene-bougeries.ch\/fr\/passengercars\/services\/maintenance.html\" target=\"_blank\" data-hover-color=\"#256F9C\" style=\"color: #FFFFFF\">\n\t<span class=\"qodef-m-text\">En savoir plus<\/span>\n<\/a>\n\t\t\t\t<\/div>\n\t\t\t\t<\/div>\n\t\t\t\t\t<\/div>\n\t\t<\/div>\n\t\t\t\t\t<\/div>\n\t\t<\/section>\n\t\t\t\t<section class=\"has_eae_slider elementor-section elementor-top-section elementor-element elementor-element-cc09b8f elementor-section-full_width elementor-section-height-default elementor-section-height-default\" data-eae-slider=\"68827\" data-id=\"cc09b8f\" data-element_type=\"section\" data-e-type=\"section\" data-settings=\"{&quot;background_background&quot;:&quot;classic&quot;}\">\n\t\t\t\t\t\t<div class=\"elementor-container elementor-column-gap-default\">\n\t\t\t\t\t<div class=\"has_eae_slider elementor-column elementor-col-50 elementor-top-column elementor-element elementor-element-05a51f9\" data-eae-slider=\"37962\" data-id=\"05a51f9\" data-element_type=\"column\" data-e-type=\"column\" data-settings=\"{&quot;background_background&quot;:&quot;classic&quot;}\">\n\t\t\t<div class=\"elementor-widget-wrap elementor-element-populated\">\n\t\t\t\t\t\t<div class=\"elementor-element elementor-element-adfde8c elementor-widget elementor-widget-spacer\" data-id=\"adfde8c\" data-element_type=\"widget\" data-e-type=\"widget\" data-widget_type=\"spacer.default\">\n\t\t\t\t<div class=\"elementor-widget-container\">\n\t\t\t\t\t\t\t<div class=\"elementor-spacer\">\n\t\t\t<div class=\"elementor-spacer-inner\"><\/div>\n\t\t<\/div>\n\t\t\t\t\t\t<\/div>\n\t\t\t\t<\/div>\n\t\t\t\t\t<\/div>\n\t\t<\/div>\n\t\t\t\t<div class=\"has_eae_slider elementor-column elementor-col-50 elementor-top-column elementor-element elementor-element-66761d9\" data-eae-slider=\"75064\" data-id=\"66761d9\" data-element_type=\"column\" data-e-type=\"column\" data-settings=\"{&quot;background_background&quot;:&quot;classic&quot;}\">\n\t\t\t<div class=\"elementor-widget-wrap elementor-element-populated\">\n\t\t\t\t\t\t<div class=\"elementor-element elementor-element-9e9b24a elementor-widget elementor-widget-luxedrive_core_section_title\" data-id=\"9e9b24a\" data-element_type=\"widget\" data-e-type=\"widget\" data-widget_type=\"luxedrive_core_section_title.default\">\n\t\t\t\t<div class=\"elementor-widget-container\">\n\t\t\t\t\t<div class=\"qodef-shortcode qodef-m qodef-section-title qodef-alignment--left qodef-title-break--disabled\">\n\t\t<h2 class=\"qodef-m-title\" style=\"color: #FFFFFF\">\n\t\t\t\t\tPi\u00e8ces de rechange.\t\t\t<\/h2>\n\t\t<span class=\"qodef-m-subtitle\" style=\"color: #256F9C\">Mercedes-Benz<\/span>\n\t<\/div>\n\t\t\t\t<\/div>\n\t\t\t\t<\/div>\n\t\t\t\t<section class=\"has_eae_slider elementor-section elementor-inner-section elementor-element elementor-element-982cb2c elementor-section-full_width elementor-section-height-default elementor-section-height-default\" data-eae-slider=\"59030\" data-id=\"982cb2c\" data-element_type=\"section\" data-e-type=\"section\">\n\t\t\t\t\t\t<div class=\"elementor-container elementor-column-gap-default\">\n\t\t\t\t\t<div class=\"has_eae_slider elementor-column elementor-col-100 elementor-inner-column elementor-element elementor-element-afc2055\" data-eae-slider=\"69319\" data-id=\"afc2055\" data-element_type=\"column\" data-e-type=\"column\">\n\t\t\t<div class=\"elementor-widget-wrap elementor-element-populated\">\n\t\t\t\t\t\t<div class=\"elementor-element elementor-element-4dd3d8f elementor-widget elementor-widget-text-editor\" data-id=\"4dd3d8f\" data-element_type=\"widget\" data-e-type=\"widget\" data-widget_type=\"text-editor.default\">\n\t\t\t\t<div class=\"elementor-widget-container\">\n\t\t\t\t\t\t\t\t\t<p><strong>Pi\u00e8ces d\u2019origine Mercedes-Benz.<br \/><br \/><\/strong>Que vous ayez besoin d\u2019une pi\u00e8ce d\u2019origine pour votre Mercedes-Benz \u00e9prouv\u00e9e ou d\u2019une pi\u00e8ce de maintenance adapt\u00e9e pour votre voiture neuve, vous pouvez \u00eatre s\u00fbr d\u2019une chose : la vaste gamme de pi\u00e8ces de Mercedes-Benz offre la solution appropri\u00e9e pour chaque v\u00e9hicule et pour tous les budgets. Il va sans dire que quelle que soit la ligne de pi\u00e8ces consid\u00e9r\u00e9e, vous pouvez avoir l\u2019assurance que chaque pi\u00e8ce respecte nos directives tr\u00e8s strictes.<\/p>\t\t\t\t\t\t\t\t<\/div>\n\t\t\t\t<\/div>\n\t\t\t\t\t<\/div>\n\t\t<\/div>\n\t\t\t\t\t<\/div>\n\t\t<\/section>\n\t\t\t\t<div class=\"elementor-element elementor-element-ea3ddc1 elementor-widget elementor-widget-luxedrive_core_button\" data-id=\"ea3ddc1\" data-element_type=\"widget\" data-e-type=\"widget\" data-widget_type=\"luxedrive_core_button.default\">\n\t\t\t\t<div class=\"elementor-widget-container\">\n\t\t\t\t\t<a class=\"qodef-shortcode qodef-m qodef-button qodef-layout--outlined qodef-html--link\" href=\"https:\/\/www.mercedes-benz-chene-bougeries.ch\/fr\/passengercars\/services\/genuine-parts.html\" target=\"_blank\" data-hover-color=\"#256F9C\" style=\"color: #FFFFFF\">\n\t<span class=\"qodef-m-text\">En savoir plus<\/span>\n<\/a>\n\t\t\t\t<\/div>\n\t\t\t\t<\/div>\n\t\t\t\t\t<\/div>\n\t\t<\/div>\n\t\t\t\t\t<\/div>\n\t\t<\/section>\n\t\t\t\t<section class=\"has_eae_slider elementor-section elementor-top-section elementor-element elementor-element-94dbed6 elementor-section-full_width elementor-section-height-default elementor-section-height-default\" data-eae-slider=\"78817\" data-id=\"94dbed6\" data-element_type=\"section\" data-e-type=\"section\" data-settings=\"{&quot;background_background&quot;:&quot;classic&quot;}\">\n\t\t\t\t\t\t<div class=\"elementor-container elementor-column-gap-default\">\n\t\t\t\t\t<div class=\"has_eae_slider elementor-column elementor-col-50 elementor-top-column elementor-element elementor-element-35cf66d\" data-eae-slider=\"99944\" data-id=\"35cf66d\" data-element_type=\"column\" data-e-type=\"column\" data-settings=\"{&quot;background_background&quot;:&quot;classic&quot;}\">\n\t\t\t<div class=\"elementor-widget-wrap elementor-element-populated\">\n\t\t\t\t\t\t<div class=\"elementor-element elementor-element-9d987c7 elementor-widget elementor-widget-spacer\" data-id=\"9d987c7\" data-element_type=\"widget\" data-e-type=\"widget\" data-widget_type=\"spacer.default\">\n\t\t\t\t<div class=\"elementor-widget-container\">\n\t\t\t\t\t\t\t<div class=\"elementor-spacer\">\n\t\t\t<div class=\"elementor-spacer-inner\"><\/div>\n\t\t<\/div>\n\t\t\t\t\t\t<\/div>\n\t\t\t\t<\/div>\n\t\t\t\t\t<\/div>\n\t\t<\/div>\n\t\t\t\t<div class=\"has_eae_slider elementor-column elementor-col-50 elementor-top-column elementor-element elementor-element-f69108b\" data-eae-slider=\"93384\" data-id=\"f69108b\" data-element_type=\"column\" data-e-type=\"column\" data-settings=\"{&quot;background_background&quot;:&quot;classic&quot;}\">\n\t\t\t<div class=\"elementor-widget-wrap elementor-element-populated\">\n\t\t\t\t\t\t<div class=\"elementor-element elementor-element-406b5e5 elementor-widget elementor-widget-luxedrive_core_section_title\" data-id=\"406b5e5\" data-element_type=\"widget\" data-e-type=\"widget\" data-widget_type=\"luxedrive_core_section_title.default\">\n\t\t\t\t<div class=\"elementor-widget-container\">\n\t\t\t\t\t<div class=\"qodef-shortcode qodef-m qodef-section-title qodef-alignment--left qodef-title-break--disabled\">\n\t\t<h2 class=\"qodef-m-title\" style=\"color: #FFFFFF\">\n\t\t\t\t\tRoues &amp; pneus.\t\t\t<\/h2>\n\t\t<span class=\"qodef-m-subtitle\" style=\"color: #256F9C\">Mercedes-Benz<\/span>\n\t<\/div>\n\t\t\t\t<\/div>\n\t\t\t\t<\/div>\n\t\t\t\t<section class=\"has_eae_slider elementor-section elementor-inner-section elementor-element elementor-element-c326dee elementor-section-full_width elementor-section-height-default elementor-section-height-default\" data-eae-slider=\"5247\" data-id=\"c326dee\" data-element_type=\"section\" data-e-type=\"section\">\n\t\t\t\t\t\t<div class=\"elementor-container elementor-column-gap-default\">\n\t\t\t\t\t<div class=\"has_eae_slider elementor-column elementor-col-100 elementor-inner-column elementor-element elementor-element-b1975c6\" data-eae-slider=\"26803\" data-id=\"b1975c6\" data-element_type=\"column\" data-e-type=\"column\">\n\t\t\t<div class=\"elementor-widget-wrap elementor-element-populated\">\n\t\t\t\t\t\t<div class=\"elementor-element elementor-element-0ea020f elementor-widget elementor-widget-text-editor\" data-id=\"0ea020f\" data-element_type=\"widget\" data-e-type=\"widget\" data-widget_type=\"text-editor.default\">\n\t\t\t\t<div class=\"elementor-widget-container\">\n\t\t\t\t\t\t\t\t\t<p><strong>Bonne route avec les pneus d&rsquo;origine Mercedes.<\/strong><\/p><p>La meilleure adh\u00e9rence possible par tous les temps et en toutes saisons avec le bon choix, notamment les pneus d&rsquo;origine Mercedes.<\/p>\t\t\t\t\t\t\t\t<\/div>\n\t\t\t\t<\/div>\n\t\t\t\t\t<\/div>\n\t\t<\/div>\n\t\t\t\t\t<\/div>\n\t\t<\/section>\n\t\t\t\t<div class=\"elementor-element elementor-element-a1a9203 elementor-widget elementor-widget-luxedrive_core_button\" data-id=\"a1a9203\" data-element_type=\"widget\" data-e-type=\"widget\" data-widget_type=\"luxedrive_core_button.default\">\n\t\t\t\t<div class=\"elementor-widget-container\">\n\t\t\t\t\t<a class=\"qodef-shortcode qodef-m qodef-button qodef-layout--outlined qodef-html--link\" href=\"https:\/\/www.mercedes-benz-chene-bougeries.ch\/fr\/passengercars\/services\/wheels-and-tyres.html\" target=\"_blank\" data-hover-color=\"#256F9C\" style=\"color: #FFFFFF\">\n\t<span class=\"qodef-m-text\">En savoir plus<\/span>\n<\/a>\n\t\t\t\t<\/div>\n\t\t\t\t<\/div>\n\t\t\t\t\t<\/div>\n\t\t<\/div>\n\t\t\t\t\t<\/div>\n\t\t<\/section>\n\t\t\t\t<section class=\"has_eae_slider elementor-section elementor-top-section elementor-element elementor-element-3588d95 elementor-section-full_width elementor-section-height-default elementor-section-height-default\" data-eae-slider=\"49807\" data-id=\"3588d95\" data-element_type=\"section\" data-e-type=\"section\" data-settings=\"{&quot;background_background&quot;:&quot;classic&quot;}\">\n\t\t\t\t\t\t<div class=\"elementor-container elementor-column-gap-default\">\n\t\t\t\t\t<div class=\"has_eae_slider elementor-column elementor-col-50 elementor-top-column elementor-element elementor-element-a00b255\" data-eae-slider=\"75834\" data-id=\"a00b255\" data-element_type=\"column\" data-e-type=\"column\" data-settings=\"{&quot;background_background&quot;:&quot;classic&quot;}\">\n\t\t\t<div class=\"elementor-widget-wrap elementor-element-populated\">\n\t\t\t\t\t\t<div class=\"elementor-element elementor-element-5af7679 elementor-widget elementor-widget-spacer\" data-id=\"5af7679\" data-element_type=\"widget\" data-e-type=\"widget\" data-widget_type=\"spacer.default\">\n\t\t\t\t<div class=\"elementor-widget-container\">\n\t\t\t\t\t\t\t<div class=\"elementor-spacer\">\n\t\t\t<div class=\"elementor-spacer-inner\"><\/div>\n\t\t<\/div>\n\t\t\t\t\t\t<\/div>\n\t\t\t\t<\/div>\n\t\t\t\t\t<\/div>\n\t\t<\/div>\n\t\t\t\t<div class=\"has_eae_slider elementor-column elementor-col-50 elementor-top-column elementor-element elementor-element-b428e29\" data-eae-slider=\"83636\" data-id=\"b428e29\" data-element_type=\"column\" data-e-type=\"column\" data-settings=\"{&quot;background_background&quot;:&quot;classic&quot;}\">\n\t\t\t<div class=\"elementor-widget-wrap elementor-element-populated\">\n\t\t\t\t\t\t<div class=\"elementor-element elementor-element-f51a323 elementor-widget elementor-widget-luxedrive_core_section_title\" data-id=\"f51a323\" data-element_type=\"widget\" data-e-type=\"widget\" data-widget_type=\"luxedrive_core_section_title.default\">\n\t\t\t\t<div class=\"elementor-widget-container\">\n\t\t\t\t\t<div class=\"qodef-shortcode qodef-m qodef-section-title qodef-alignment--left qodef-title-break--disabled\">\n\t\t<h2 class=\"qodef-m-title\" style=\"color: #FFFFFF\">\n\t\t\t\t\t Accessoires.\t\t\t<\/h2>\n\t\t<span class=\"qodef-m-subtitle\" style=\"color: #256F9C\">Mercedes-Benz<\/span>\n\t<\/div>\n\t\t\t\t<\/div>\n\t\t\t\t<\/div>\n\t\t\t\t<section class=\"has_eae_slider elementor-section elementor-inner-section elementor-element elementor-element-51f02c7 elementor-section-full_width elementor-section-height-default elementor-section-height-default\" data-eae-slider=\"66852\" data-id=\"51f02c7\" data-element_type=\"section\" data-e-type=\"section\">\n\t\t\t\t\t\t<div class=\"elementor-container elementor-column-gap-default\">\n\t\t\t\t\t<div class=\"has_eae_slider elementor-column elementor-col-100 elementor-inner-column elementor-element elementor-element-906533f\" data-eae-slider=\"7521\" data-id=\"906533f\" data-element_type=\"column\" data-e-type=\"column\">\n\t\t\t<div class=\"elementor-widget-wrap elementor-element-populated\">\n\t\t\t\t\t\t<div class=\"elementor-element elementor-element-d7ec0a2 elementor-widget elementor-widget-text-editor\" data-id=\"d7ec0a2\" data-element_type=\"widget\" data-e-type=\"widget\" data-widget_type=\"text-editor.default\">\n\t\t\t\t<div class=\"elementor-widget-container\">\n\t\t\t\t\t\t\t\t\t<p><strong>Nous avons ce qu&rsquo;il faut : des accessoires d&rsquo;origine.<\/strong><\/p><p>Des accessoires parfaitement adapt\u00e9s, directement du fabricant. Pour encore plus de s\u00e9curit\u00e9 et de confort ou pour un accent individuel.\u00a0<\/p>\t\t\t\t\t\t\t\t<\/div>\n\t\t\t\t<\/div>\n\t\t\t\t\t<\/div>\n\t\t<\/div>\n\t\t\t\t\t<\/div>\n\t\t<\/section>\n\t\t\t\t<div class=\"elementor-element elementor-element-25a830c elementor-widget elementor-widget-luxedrive_core_button\" data-id=\"25a830c\" data-element_type=\"widget\" data-e-type=\"widget\" data-widget_type=\"luxedrive_core_button.default\">\n\t\t\t\t<div class=\"elementor-widget-container\">\n\t\t\t\t\t<a class=\"qodef-shortcode qodef-m qodef-button qodef-layout--outlined qodef-html--link\" href=\"https:\/\/www.mercedes-benz-chene-bougeries.ch\/fr\/passengercars\/services\/accessories.html\" target=\"_blank\" data-hover-color=\"#256F9C\" style=\"color: #FFFFFF\">\n\t<span class=\"qodef-m-text\">En savoir plus<\/span>\n<\/a>\n\t\t\t\t<\/div>\n\t\t\t\t<\/div>\n\t\t\t\t<div class=\"elementor-element elementor-element-b3a92a8 elementor-widget elementor-widget-luxedrive_core_button\" data-id=\"b3a92a8\" data-element_type=\"widget\" data-e-type=\"widget\" data-widget_type=\"luxedrive_core_button.default\">\n\t\t\t\t<div class=\"elementor-widget-container\">\n\t\t\t\t\t<a class=\"qodef-shortcode qodef-m qodef-button qodef-layout--outlined qodef-html--link\" href=\"https:\/\/www.automobiles-caveng.ch\/mercedes-benz\/wp-content\/uploads\/2025\/03\/Mercedes-Benz-Accessories-2025.pdf\" target=\"_blank\" data-hover-color=\"#256F9C\" style=\"color: #FFFFFF\">\n\t<span class=\"qodef-m-text\">Brochure num\u00e9rique<\/span>\n<\/a>\n\t\t\t\t<\/div>\n\t\t\t\t<\/div>\n\t\t\t\t\t<\/div>\n\t\t<\/div>\n\t\t\t\t\t<\/div>\n\t\t<\/section>\n\t\t\t\t<section class=\"has_eae_slider elementor-section elementor-top-section elementor-element elementor-element-2d72457 elementor-section-full_width elementor-section-height-default elementor-section-height-default\" data-eae-slider=\"85904\" data-id=\"2d72457\" data-element_type=\"section\" data-e-type=\"section\" data-settings=\"{&quot;background_background&quot;:&quot;classic&quot;}\">\n\t\t\t\t\t\t<div class=\"elementor-container elementor-column-gap-default\">\n\t\t\t\t\t<div class=\"has_eae_slider elementor-column elementor-col-50 elementor-top-column elementor-element elementor-element-783836e\" data-eae-slider=\"74100\" data-id=\"783836e\" data-element_type=\"column\" data-e-type=\"column\" data-settings=\"{&quot;background_background&quot;:&quot;classic&quot;}\">\n\t\t\t<div class=\"elementor-widget-wrap elementor-element-populated\">\n\t\t\t\t\t\t<div class=\"elementor-element elementor-element-ac5f07f elementor-widget elementor-widget-spacer\" data-id=\"ac5f07f\" data-element_type=\"widget\" data-e-type=\"widget\" data-widget_type=\"spacer.default\">\n\t\t\t\t<div class=\"elementor-widget-container\">\n\t\t\t\t\t\t\t<div class=\"elementor-spacer\">\n\t\t\t<div class=\"elementor-spacer-inner\"><\/div>\n\t\t<\/div>\n\t\t\t\t\t\t<\/div>\n\t\t\t\t<\/div>\n\t\t\t\t\t<\/div>\n\t\t<\/div>\n\t\t\t\t<div class=\"has_eae_slider elementor-column elementor-col-50 elementor-top-column elementor-element elementor-element-607ebd6\" data-eae-slider=\"56547\" data-id=\"607ebd6\" data-element_type=\"column\" data-e-type=\"column\" data-settings=\"{&quot;background_background&quot;:&quot;classic&quot;}\">\n\t\t\t<div class=\"elementor-widget-wrap elementor-element-populated\">\n\t\t\t\t\t\t<div class=\"elementor-element elementor-element-57b0173 elementor-widget elementor-widget-luxedrive_core_section_title\" data-id=\"57b0173\" data-element_type=\"widget\" data-e-type=\"widget\" data-widget_type=\"luxedrive_core_section_title.default\">\n\t\t\t\t<div class=\"elementor-widget-container\">\n\t\t\t\t\t<div class=\"qodef-shortcode qodef-m qodef-section-title qodef-alignment--left qodef-title-break--disabled\">\n\t\t<h2 class=\"qodef-m-title\" style=\"color: #FFFFFF\">\n\t\t\t\t\tRecharge &amp; Bo\u00eetier mural.<br \/>\t\t\t<\/h2>\n\t\t<span class=\"qodef-m-subtitle\" style=\"color: #256F9C\">Mercedes-Benz<\/span>\n\t<\/div>\n\t\t\t\t<\/div>\n\t\t\t\t<\/div>\n\t\t\t\t<section class=\"has_eae_slider elementor-section elementor-inner-section elementor-element elementor-element-c27b75e elementor-section-full_width elementor-section-height-default elementor-section-height-default\" data-eae-slider=\"62937\" data-id=\"c27b75e\" data-element_type=\"section\" data-e-type=\"section\">\n\t\t\t\t\t\t<div class=\"elementor-container elementor-column-gap-default\">\n\t\t\t\t\t<div class=\"has_eae_slider elementor-column elementor-col-100 elementor-inner-column elementor-element elementor-element-16060b0\" data-eae-slider=\"8674\" data-id=\"16060b0\" data-element_type=\"column\" data-e-type=\"column\">\n\t\t\t<div class=\"elementor-widget-wrap elementor-element-populated\">\n\t\t\t\t\t\t<div class=\"elementor-element elementor-element-54b6870 elementor-widget elementor-widget-text-editor\" data-id=\"54b6870\" data-element_type=\"widget\" data-e-type=\"widget\" data-widget_type=\"text-editor.default\">\n\t\t\t\t<div class=\"elementor-widget-container\">\n\t\t\t\t\t\t\t\t\t<p>Que ce soit \u00e0 domicile ou en d\u00e9placement, de nombreuses solutions de recharge pratiques sont disponibles pour votre voiture \u00e9lectrique ou hybride rechargeable Mercedes-Benz.<\/p>\t\t\t\t\t\t\t\t<\/div>\n\t\t\t\t<\/div>\n\t\t\t\t\t<\/div>\n\t\t<\/div>\n\t\t\t\t\t<\/div>\n\t\t<\/section>\n\t\t\t\t<div class=\"elementor-element elementor-element-95849fa elementor-widget elementor-widget-luxedrive_core_button\" data-id=\"95849fa\" data-element_type=\"widget\" data-e-type=\"widget\" data-widget_type=\"luxedrive_core_button.default\">\n\t\t\t\t<div class=\"elementor-widget-container\">\n\t\t\t\t\t<a class=\"qodef-shortcode qodef-m qodef-button qodef-layout--outlined qodef-html--link\" href=\"https:\/\/www.smart-mobility.ch\/fr\/solutions\/clients-prives\/homecheck-numerique\" target=\"_blank\" data-hover-color=\"#256F9C\" style=\"color: #FFFFFF\">\n\t<span class=\"qodef-m-text\">En savoir plus<\/span>\n<\/a>\n\t\t\t\t<\/div>\n\t\t\t\t<\/div>\n\t\t\t\t\t<\/div>\n\t\t<\/div>\n\t\t\t\t\t<\/div>\n\t\t<\/section>\n\t\t\t\t<section class=\"has_eae_slider elementor-section elementor-top-section elementor-element elementor-element-36c3f7a elementor-section-full_width elementor-section-height-default elementor-section-height-default\" data-eae-slider=\"7561\" data-id=\"36c3f7a\" data-element_type=\"section\" data-e-type=\"section\" data-settings=\"{&quot;background_background&quot;:&quot;classic&quot;}\">\n\t\t\t\t\t\t<div class=\"elementor-container elementor-column-gap-default\">\n\t\t\t\t\t<div class=\"has_eae_slider elementor-column elementor-col-50 elementor-top-column elementor-element elementor-element-48a6160\" data-eae-slider=\"95704\" data-id=\"48a6160\" data-element_type=\"column\" data-e-type=\"column\" data-settings=\"{&quot;background_background&quot;:&quot;classic&quot;}\">\n\t\t\t<div class=\"elementor-widget-wrap elementor-element-populated\">\n\t\t\t\t\t\t<div class=\"elementor-element elementor-element-ecd49fc elementor-widget elementor-widget-spacer\" data-id=\"ecd49fc\" data-element_type=\"widget\" data-e-type=\"widget\" data-widget_type=\"spacer.default\">\n\t\t\t\t<div class=\"elementor-widget-container\">\n\t\t\t\t\t\t\t<div class=\"elementor-spacer\">\n\t\t\t<div class=\"elementor-spacer-inner\"><\/div>\n\t\t<\/div>\n\t\t\t\t\t\t<\/div>\n\t\t\t\t<\/div>\n\t\t\t\t\t<\/div>\n\t\t<\/div>\n\t\t\t\t<div class=\"has_eae_slider elementor-column elementor-col-50 elementor-top-column elementor-element elementor-element-76d38cb\" data-eae-slider=\"3063\" data-id=\"76d38cb\" data-element_type=\"column\" data-e-type=\"column\" data-settings=\"{&quot;background_background&quot;:&quot;classic&quot;}\">\n\t\t\t<div class=\"elementor-widget-wrap elementor-element-populated\">\n\t\t\t\t\t\t<div class=\"elementor-element elementor-element-fa8fa3d elementor-widget elementor-widget-luxedrive_core_section_title\" data-id=\"fa8fa3d\" data-element_type=\"widget\" data-e-type=\"widget\" data-widget_type=\"luxedrive_core_section_title.default\">\n\t\t\t\t<div class=\"elementor-widget-container\">\n\t\t\t\t\t<div class=\"qodef-shortcode qodef-m qodef-section-title qodef-alignment--left qodef-title-break--disabled\">\n\t\t<h2 class=\"qodef-m-title\" style=\"color: #FFFFFF\">\n\t\t\t\t\tMercedes me.\t\t\t<\/h2>\n\t\t<span class=\"qodef-m-subtitle\" style=\"color: #256F9C\">Mercedes-Benz<\/span>\n\t<\/div>\n\t\t\t\t<\/div>\n\t\t\t\t<\/div>\n\t\t\t\t<section class=\"has_eae_slider elementor-section elementor-inner-section elementor-element elementor-element-e756aad elementor-section-full_width elementor-section-height-default elementor-section-height-default\" data-eae-slider=\"13553\" data-id=\"e756aad\" data-element_type=\"section\" data-e-type=\"section\">\n\t\t\t\t\t\t<div class=\"elementor-container elementor-column-gap-default\">\n\t\t\t\t\t<div class=\"has_eae_slider elementor-column elementor-col-100 elementor-inner-column elementor-element elementor-element-4c2503d\" data-eae-slider=\"62935\" data-id=\"4c2503d\" data-element_type=\"column\" data-e-type=\"column\">\n\t\t\t<div class=\"elementor-widget-wrap elementor-element-populated\">\n\t\t\t\t\t\t<div class=\"elementor-element elementor-element-6744b8c elementor-widget elementor-widget-text-editor\" data-id=\"6744b8c\" data-element_type=\"widget\" data-e-type=\"widget\" data-widget_type=\"text-editor.default\">\n\t\t\t\t<div class=\"elementor-widget-container\">\n\t\t\t\t\t\t\t\t\t<p><strong>D\u00e9couvrez un monde num\u00e9rique plein de possibilit\u00e9s.<\/strong><\/p><p>Vous souhaitez tirer davantage profit de chaque trajet avec votre Mercedes-Benz ou vous simplifier la vie ? Pas de probl\u00e8me, avec Mercedes me ID, nos offres digitales et les applications Mercedes me, vous \u00eates connect\u00e9 \u00e0 votre v\u00e9hicule \u00e0 tout moment . Vous b\u00e9n\u00e9ficiez d\u2019encore plus de confort, de service et de s\u00e9curit\u00e9, m\u00eame lorsque vous n\u2019\u00eates pas au volant de votre Mercedes-Benz.<\/p>\t\t\t\t\t\t\t\t<\/div>\n\t\t\t\t<\/div>\n\t\t\t\t\t<\/div>\n\t\t<\/div>\n\t\t\t\t\t<\/div>\n\t\t<\/section>\n\t\t\t\t<div class=\"elementor-element elementor-element-40f3794 elementor-widget elementor-widget-luxedrive_core_button\" data-id=\"40f3794\" data-element_type=\"widget\" data-e-type=\"widget\" data-widget_type=\"luxedrive_core_button.default\">\n\t\t\t\t<div class=\"elementor-widget-container\">\n\t\t\t\t\t<a class=\"qodef-shortcode qodef-m qodef-button qodef-layout--outlined qodef-html--link\" href=\"https:\/\/www.mercedes-benz-chene-bougeries.ch\/fr\/passengercars\/services\/digital-extras-overview.html\" target=\"_blank\" data-hover-color=\"#256F9C\" style=\"color: #FFFFFF\">\n\t<span class=\"qodef-m-text\">En savoir plus<\/span>\n<\/a>\n\t\t\t\t<\/div>\n\t\t\t\t<\/div>\n\t\t\t\t\t<\/div>\n\t\t<\/div>\n\t\t\t\t\t<\/div>\n\t\t<\/section>\n\t\t\t\t<section class=\"has_eae_slider elementor-section elementor-top-section elementor-element elementor-element-8be238e elementor-section-full_width elementor-section-height-default elementor-section-height-default\" data-eae-slider=\"27913\" data-id=\"8be238e\" data-element_type=\"section\" data-e-type=\"section\" data-settings=\"{&quot;background_background&quot;:&quot;classic&quot;}\">\n\t\t\t\t\t\t<div class=\"elementor-container elementor-column-gap-default\">\n\t\t\t\t\t<div class=\"has_eae_slider elementor-column elementor-col-50 elementor-top-column elementor-element elementor-element-7179e2e\" data-eae-slider=\"12265\" data-id=\"7179e2e\" data-element_type=\"column\" data-e-type=\"column\" data-settings=\"{&quot;background_background&quot;:&quot;classic&quot;}\">\n\t\t\t<div class=\"elementor-widget-wrap elementor-element-populated\">\n\t\t\t\t\t\t<div class=\"elementor-element elementor-element-ceda72d elementor-widget elementor-widget-spacer\" data-id=\"ceda72d\" data-element_type=\"widget\" data-e-type=\"widget\" data-widget_type=\"spacer.default\">\n\t\t\t\t<div class=\"elementor-widget-container\">\n\t\t\t\t\t\t\t<div class=\"elementor-spacer\">\n\t\t\t<div class=\"elementor-spacer-inner\"><\/div>\n\t\t<\/div>\n\t\t\t\t\t\t<\/div>\n\t\t\t\t<\/div>\n\t\t\t\t\t<\/div>\n\t\t<\/div>\n\t\t\t\t<div class=\"has_eae_slider elementor-column elementor-col-50 elementor-top-column elementor-element elementor-element-b074fa9\" data-eae-slider=\"71337\" data-id=\"b074fa9\" data-element_type=\"column\" data-e-type=\"column\" data-settings=\"{&quot;background_background&quot;:&quot;classic&quot;}\">\n\t\t\t<div class=\"elementor-widget-wrap elementor-element-populated\">\n\t\t\t\t\t\t<div class=\"elementor-element elementor-element-0974719 elementor-widget elementor-widget-luxedrive_core_section_title\" data-id=\"0974719\" data-element_type=\"widget\" data-e-type=\"widget\" data-widget_type=\"luxedrive_core_section_title.default\">\n\t\t\t\t<div class=\"elementor-widget-container\">\n\t\t\t\t\t<div class=\"qodef-shortcode qodef-m qodef-section-title qodef-alignment--left qodef-title-break--disabled\">\n\t\t<h2 class=\"qodef-m-title\" style=\"color: #FFFFFF\">\n\t\t\t\t\tAssistance en cas de panne ou d'accident.\t\t\t<\/h2>\n\t\t<span class=\"qodef-m-subtitle\" style=\"color: #256F9C\">Mercedes-Benz<\/span>\n\t<\/div>\n\t\t\t\t<\/div>\n\t\t\t\t<\/div>\n\t\t\t\t<section class=\"has_eae_slider elementor-section elementor-inner-section elementor-element elementor-element-c783acf elementor-section-full_width elementor-section-height-default elementor-section-height-default\" data-eae-slider=\"2337\" data-id=\"c783acf\" data-element_type=\"section\" data-e-type=\"section\">\n\t\t\t\t\t\t<div class=\"elementor-container elementor-column-gap-default\">\n\t\t\t\t\t<div class=\"has_eae_slider elementor-column elementor-col-100 elementor-inner-column elementor-element elementor-element-f783b47\" data-eae-slider=\"82001\" data-id=\"f783b47\" data-element_type=\"column\" data-e-type=\"column\">\n\t\t\t<div class=\"elementor-widget-wrap elementor-element-populated\">\n\t\t\t\t\t\t<div class=\"elementor-element elementor-element-f87caf9 elementor-widget elementor-widget-text-editor\" data-id=\"f87caf9\" data-element_type=\"widget\" data-e-type=\"widget\" data-widget_type=\"text-editor.default\">\n\t\t\t\t<div class=\"elementor-widget-container\">\n\t\t\t\t\t\t\t\t\t<p><strong>En cas de panne ou de dommage, <\/strong><strong>Mercedes-Benz vous vient en aide.<\/strong><\/p><p>Que faire en cas de probl\u00e8me ? A qui s\u2019adresser en cas de sinistre ? Qui peut intervenir rapidement en cas de n\u00e9cessit\u00e9 ? R\u00e9ponse : Mercedes-Benz. Il vous suffit d\u2019appuyer sur une touche dans votre Mercedes ou de demander de l\u2019aide par t\u00e9l\u00e9phone pour que nous intervenions imm\u00e9diatement afin de vous conseiller et de vous accompagner lors des d\u00e9marches suivantes.<\/p>\t\t\t\t\t\t\t\t<\/div>\n\t\t\t\t<\/div>\n\t\t\t\t\t<\/div>\n\t\t<\/div>\n\t\t\t\t\t<\/div>\n\t\t<\/section>\n\t\t\t\t<div class=\"elementor-element elementor-element-2cd4a04 elementor-widget elementor-widget-luxedrive_core_button\" data-id=\"2cd4a04\" data-element_type=\"widget\" data-e-type=\"widget\" data-widget_type=\"luxedrive_core_button.default\">\n\t\t\t\t<div class=\"elementor-widget-container\">\n\t\t\t\t\t<a class=\"qodef-shortcode qodef-m qodef-button qodef-layout--outlined qodef-html--link\" href=\"https:\/\/www.mercedes-benz-chene-bougeries.ch\/fr\/passengercars\/services\/breakdown-damage.html\" target=\"_blank\" data-hover-color=\"#256F9C\" style=\"color: #FFFFFF\">\n\t<span class=\"qodef-m-text\">En savoir plus<\/span>\n<\/a>\n\t\t\t\t<\/div>\n\t\t\t\t<\/div>\n\t\t\t\t\t<\/div>\n\t\t<\/div>\n\t\t\t\t\t<\/div>\n\t\t<\/section>\n\t\t\t\t<section class=\"has_eae_slider elementor-section elementor-top-section elementor-element elementor-element-d9073be elementor-section-full_width elementor-reverse-mobile elementor-section-height-default elementor-section-height-default\" data-eae-slider=\"3640\" data-id=\"d9073be\" data-element_type=\"section\" data-e-type=\"section\" data-settings=\"{&quot;background_background&quot;:&quot;classic&quot;}\">\n\t\t\t\t\t\t<div class=\"elementor-container elementor-column-gap-default\">\n\t\t\t\t\t<div class=\"has_eae_slider elementor-column elementor-col-50 elementor-top-column elementor-element elementor-element-ece9024\" data-eae-slider=\"90995\" data-id=\"ece9024\" data-element_type=\"column\" data-e-type=\"column\">\n\t\t\t<div class=\"elementor-widget-wrap elementor-element-populated\">\n\t\t\t\t\t\t<div class=\"elementor-element elementor-element-2e7ca23 elementor-widget elementor-widget-luxedrive_core_section_title\" data-id=\"2e7ca23\" data-element_type=\"widget\" data-e-type=\"widget\" data-widget_type=\"luxedrive_core_section_title.default\">\n\t\t\t\t<div class=\"elementor-widget-container\">\n\t\t\t\t\t<div class=\"qodef-shortcode qodef-m qodef-section-title qodef-alignment--left qodef-title-break--disabled\">\n\t\t<h2 class=\"qodef-m-title\" style=\"color: #FFFFFF\">\n\t\t\t\t\tNos mod\u00e8les.\t\t\t<\/h2>\n\t\t<span class=\"qodef-m-subtitle\" style=\"color: #256F9C\">Mercedes-Benz<\/span>\n\t\t<p class=\"qodef-m-text\" style=\"margin-top: 26px\">D\u00e9couvrez la gamme vari\u00e9e de v\u00e9hicules neufs, de d\u00e9monstration et d&#039;occasion Mercedes-Benz.<\/p>\n<\/div>\n\t\t\t\t<\/div>\n\t\t\t\t<\/div>\n\t\t\t\t<div class=\"elementor-element elementor-element-b20694e elementor-widget elementor-widget-luxedrive_core_button\" data-id=\"b20694e\" data-element_type=\"widget\" data-e-type=\"widget\" data-widget_type=\"luxedrive_core_button.default\">\n\t\t\t\t<div class=\"elementor-widget-container\">\n\t\t\t\t\t<a class=\"qodef-shortcode qodef-m qodef-button qodef-layout--outlined qodef-html--link\" href=\"https:\/\/automobiles-caveng.ch\/mercedes-benz\/new\/nos-modeles\/\" target=\"_self\"  style=\"color: #FFFFFF\">\n\t<span class=\"qodef-m-text\">D\u00e9couvrir<\/span>\n<\/a>\n\t\t\t\t<\/div>\n\t\t\t\t<\/div>\n\t\t\t\t\t<\/div>\n\t\t<\/div>\n\t\t\t\t<div class=\"has_eae_slider elementor-column elementor-col-50 elementor-top-column elementor-element elementor-element-03c50f3\" data-eae-slider=\"97682\" data-id=\"03c50f3\" data-element_type=\"column\" data-e-type=\"column\" data-settings=\"{&quot;background_background&quot;:&quot;classic&quot;}\">\n\t\t\t<div class=\"elementor-widget-wrap elementor-element-populated\">\n\t\t\t\t\t\t<div class=\"elementor-element elementor-element-24540f2 elementor-widget elementor-widget-spacer\" data-id=\"24540f2\" data-element_type=\"widget\" data-e-type=\"widget\" data-widget_type=\"spacer.default\">\n\t\t\t\t<div class=\"elementor-widget-container\">\n\t\t\t\t\t\t\t<div class=\"elementor-spacer\">\n\t\t\t<div class=\"elementor-spacer-inner\"><\/div>\n\t\t<\/div>\n\t\t\t\t\t\t<\/div>\n\t\t\t\t<\/div>\n\t\t\t\t\t<\/div>\n\t\t<\/div>\n\t\t\t\t\t<\/div>\n\t\t<\/section>\n\t\t<div class=\"has_eae_slider elementor-element elementor-element-baa663b e-flex e-con-boxed e-con e-parent\" data-eae-slider=\"69432\" data-id=\"baa663b\" data-element_type=\"container\" data-e-type=\"container\" data-settings=\"{&quot;background_background&quot;:&quot;classic&quot;}\">\n\t\t\t\t\t<div class=\"e-con-inner\">\n\t\t<div class=\"has_eae_slider elementor-element elementor-element-1780c33 e-con-full e-flex e-con e-child\" data-eae-slider=\"27835\" data-id=\"1780c33\" data-element_type=\"container\" data-e-type=\"container\">\n\t\t\t\t<div class=\"elementor-element elementor-element-630b9b9 elementor-widget elementor-widget-image\" data-id=\"630b9b9\" data-element_type=\"widget\" data-e-type=\"widget\" data-widget_type=\"image.default\">\n\t\t\t\t<div class=\"elementor-widget-container\">\n\t\t\t\t\t\t\t\t\t\t\t\t\t\t\t\t<a href=\"https:\/\/www.mercedes-benz-chene-bougeries.ch\/fr\/about-us\/contact-person.html\" target=\"_blank\">\n\t\t\t\t\t\t\t<img decoding=\"async\" width=\"571\" height=\"310\" src=\"https:\/\/www.automobiles-caveng.ch\/mercedes-benz\/wp-content\/uploads\/2023\/11\/interlocuteurs.png\" class=\"attachment-large size-large wp-image-8721\" alt=\"\" srcset=\"https:\/\/www.automobiles-caveng.ch\/mercedes-benz\/wp-content\/uploads\/2023\/11\/interlocuteurs.png 571w, https:\/\/www.automobiles-caveng.ch\/mercedes-benz\/wp-content\/uploads\/2023\/11\/interlocuteurs-300x163.png 300w\" sizes=\"(max-width: 571px) 100vw, 571px\" \/>\t\t\t\t\t\t\t\t<\/a>\n\t\t\t\t\t\t\t\t\t\t\t\t\t\t\t<\/div>\n\t\t\t\t<\/div>\n\t\t\t\t<\/div>\n\t\t<div class=\"has_eae_slider elementor-element elementor-element-f14aff0 e-con-full e-flex e-con e-child\" data-eae-slider=\"18361\" data-id=\"f14aff0\" data-element_type=\"container\" data-e-type=\"container\">\n\t\t\t\t<div class=\"elementor-element elementor-element-fee3a0d elementor-widget elementor-widget-image\" data-id=\"fee3a0d\" data-element_type=\"widget\" data-e-type=\"widget\" data-widget_type=\"image.default\">\n\t\t\t\t<div class=\"elementor-widget-container\">\n\t\t\t\t\t\t\t\t\t\t\t\t\t\t\t\t<a href=\"https:\/\/automobiles-caveng.ch\/mercedes-benz\/contact\/\">\n\t\t\t\t\t\t\t<img loading=\"lazy\" decoding=\"async\" width=\"571\" height=\"310\" src=\"https:\/\/www.automobiles-caveng.ch\/mercedes-benz\/wp-content\/uploads\/2023\/11\/essai.png\" class=\"attachment-large size-large wp-image-8720\" alt=\"\" srcset=\"https:\/\/www.automobiles-caveng.ch\/mercedes-benz\/wp-content\/uploads\/2023\/11\/essai.png 571w, https:\/\/www.automobiles-caveng.ch\/mercedes-benz\/wp-content\/uploads\/2023\/11\/essai-300x163.png 300w\" sizes=\"(max-width: 571px) 100vw, 571px\" \/>\t\t\t\t\t\t\t\t<\/a>\n\t\t\t\t\t\t\t\t\t\t\t\t\t\t\t<\/div>\n\t\t\t\t<\/div>\n\t\t\t\t<\/div>\n\t\t<div class=\"has_eae_slider elementor-element elementor-element-74a0b2f e-con-full e-flex e-con e-child\" data-eae-slider=\"42474\" data-id=\"74a0b2f\" data-element_type=\"container\" data-e-type=\"container\">\n\t\t\t\t<div class=\"elementor-element elementor-element-98a9622 elementor-widget elementor-widget-image\" data-id=\"98a9622\" data-element_type=\"widget\" data-e-type=\"widget\" data-widget_type=\"image.default\">\n\t\t\t\t<div class=\"elementor-widget-container\">\n\t\t\t\t\t\t\t\t\t\t\t\t\t\t\t\t<a href=\"https:\/\/automobiles-caveng.ch\/mercedes-benz\/stock-vehicules-neufs\/\">\n\t\t\t\t\t\t\t<img loading=\"lazy\" decoding=\"async\" width=\"570\" height=\"310\" src=\"https:\/\/www.automobiles-caveng.ch\/mercedes-benz\/wp-content\/uploads\/2023\/11\/vehicules-dispo.png\" class=\"attachment-large size-large wp-image-8722\" alt=\"\" srcset=\"https:\/\/www.automobiles-caveng.ch\/mercedes-benz\/wp-content\/uploads\/2023\/11\/vehicules-dispo.png 570w, https:\/\/www.automobiles-caveng.ch\/mercedes-benz\/wp-content\/uploads\/2023\/11\/vehicules-dispo-300x163.png 300w\" sizes=\"(max-width: 570px) 100vw, 570px\" \/>\t\t\t\t\t\t\t\t<\/a>\n\t\t\t\t\t\t\t\t\t\t\t\t\t\t\t<\/div>\n\t\t\t\t<\/div>\n\t\t\t\t<\/div>\n\t\t<div class=\"has_eae_slider elementor-element elementor-element-6df8690 e-con-full e-flex e-con e-child\" data-eae-slider=\"60811\" data-id=\"6df8690\" data-element_type=\"container\" data-e-type=\"container\">\n\t\t\t\t<div class=\"elementor-element elementor-element-73dd630 elementor-widget elementor-widget-image\" data-id=\"73dd630\" data-element_type=\"widget\" data-e-type=\"widget\" data-widget_type=\"image.default\">\n\t\t\t\t<div class=\"elementor-widget-container\">\n\t\t\t\t\t\t\t\t\t\t\t\t\t\t\t\t<a href=\"https:\/\/www.mercedes-benz-chene-bougeries.ch\/fr\/applications\/configurator.html\" target=\"_blank\">\n\t\t\t\t\t\t\t<img loading=\"lazy\" decoding=\"async\" width=\"569\" height=\"310\" src=\"https:\/\/www.automobiles-caveng.ch\/mercedes-benz\/wp-content\/uploads\/2023\/11\/configurateur.png\" class=\"attachment-large size-large wp-image-8719\" alt=\"\" srcset=\"https:\/\/www.automobiles-caveng.ch\/mercedes-benz\/wp-content\/uploads\/2023\/11\/configurateur.png 569w, https:\/\/www.automobiles-caveng.ch\/mercedes-benz\/wp-content\/uploads\/2023\/11\/configurateur-300x163.png 300w\" sizes=\"(max-width: 569px) 100vw, 569px\" \/>\t\t\t\t\t\t\t\t<\/a>\n\t\t\t\t\t\t\t\t\t\t\t\t\t\t\t<\/div>\n\t\t\t\t<\/div>\n\t\t\t\t<\/div>\n\t\t\t\t\t<\/div>\n\t\t\t\t<\/div>\n\t\t\t\t<\/div>\n\t\t","protected":false},"excerpt":{"rendered":"<p>Services &amp; Accessoires. Mercedes-Benz Mercedes-Benz vous propose un large panel de services et d&#039;accessoires pens\u00e9s, d\u00e9velopp\u00e9s et certifi\u00e9s pour votre v\u00e9hicule. Notre savoir-faire et nos technologies r\u00e9pondent aux exigences les plus hautes en termes de qualit\u00e9. Prendre rendez-vous \u00e0 l&rsquo;atelier. Mercedes-Benz Planifiez facilement vos entretiens, r\u00e9parations et autres services avec un r\u00e9parateur Mercedes-Benz pr\u00e8s de [&hellip;]<\/p>\n","protected":false},"author":1,"featured_media":0,"parent":0,"menu_order":0,"comment_status":"closed","ping_status":"closed","template":"page-full-width.php","meta":{"footnotes":""},"class_list":["post-3413","page","type-page","status-publish","hentry"],"yoast_head":"<!-- This site is optimized with the Yoast SEO plugin v26.3 - https:\/\/yoast.com\/wordpress\/plugins\/seo\/ -->\n<title>Service &amp; accessoires | Automobiles Caveng Mercedes-Benz Gen\u00e8ve<\/title>\n<meta name=\"description\" content=\"Revendeur officiel officiel mercedes-Benz \u00e0 Gen\u00e8ve, nous vous proposons des services et accessoires de qualit\u00e9 et personnalis\u00e9s.\" \/>\n<meta name=\"robots\" content=\"index, follow, max-snippet:-1, max-image-preview:large, max-video-preview:-1\" \/>\n<link rel=\"canonical\" href=\"https:\/\/www.automobiles-caveng.ch\/mercedes-benz\/services-accessoires\/\" \/>\n<meta property=\"og:locale\" content=\"fr_FR\" \/>\n<meta property=\"og:type\" content=\"article\" \/>\n<meta property=\"og:title\" content=\"Service &amp; accessoires | Automobiles Caveng Mercedes-Benz Gen\u00e8ve\" \/>\n<meta property=\"og:description\" content=\"Revendeur officiel officiel mercedes-Benz \u00e0 Gen\u00e8ve, nous vous proposons des services et accessoires de qualit\u00e9 et personnalis\u00e9s.\" \/>\n<meta property=\"og:url\" content=\"https:\/\/www.automobiles-caveng.ch\/mercedes-benz\/services-accessoires\/\" \/>\n<meta property=\"og:site_name\" content=\"Automobiles Caveng Mercedes-Benz Gen\u00e8ve\" \/>\n<meta property=\"article:publisher\" content=\"https:\/\/www.facebook.com\/mercedesbenzcaveng\" \/>\n<meta property=\"article:modified_time\" content=\"2025-10-21T15:43:07+00:00\" \/>\n<meta property=\"og:image\" content=\"https:\/\/www.automobiles-caveng.ch\/mercedes-benz\/wp-content\/uploads\/2023\/11\/services-mercedes-benz-caveng.jpeg\" \/>\n<meta name=\"twitter:card\" content=\"summary_large_image\" \/>\n<meta name=\"twitter:label1\" content=\"Dur\u00e9e de lecture estim\u00e9e\" \/>\n\t<meta name=\"twitter:data1\" content=\"4 minutes\" \/>\n<script type=\"application\/ld+json\" class=\"yoast-schema-graph\">{\"@context\":\"https:\/\/schema.org\",\"@graph\":[{\"@type\":\"WebPage\",\"@id\":\"https:\/\/www.automobiles-caveng.ch\/mercedes-benz\/services-accessoires\/\",\"url\":\"https:\/\/www.automobiles-caveng.ch\/mercedes-benz\/services-accessoires\/\",\"name\":\"Service & accessoires | Automobiles Caveng Mercedes-Benz Gen\u00e8ve\",\"isPartOf\":{\"@id\":\"https:\/\/www.automobiles-caveng.ch\/mercedes-benz\/#website\"},\"primaryImageOfPage\":{\"@id\":\"https:\/\/www.automobiles-caveng.ch\/mercedes-benz\/services-accessoires\/#primaryimage\"},\"image\":{\"@id\":\"https:\/\/www.automobiles-caveng.ch\/mercedes-benz\/services-accessoires\/#primaryimage\"},\"thumbnailUrl\":\"https:\/\/www.automobiles-caveng.ch\/mercedes-benz\/wp-content\/uploads\/2023\/11\/services-mercedes-benz-caveng.jpeg\",\"datePublished\":\"2023-02-27T11:33:42+00:00\",\"dateModified\":\"2025-10-21T15:43:07+00:00\",\"description\":\"Revendeur officiel officiel mercedes-Benz \u00e0 Gen\u00e8ve, nous vous proposons des services et accessoires de qualit\u00e9 et personnalis\u00e9s.\",\"breadcrumb\":{\"@id\":\"https:\/\/www.automobiles-caveng.ch\/mercedes-benz\/services-accessoires\/#breadcrumb\"},\"inLanguage\":\"fr-FR\",\"potentialAction\":[{\"@type\":\"ReadAction\",\"target\":[\"https:\/\/www.automobiles-caveng.ch\/mercedes-benz\/services-accessoires\/\"]}]},{\"@type\":\"ImageObject\",\"inLanguage\":\"fr-FR\",\"@id\":\"https:\/\/www.automobiles-caveng.ch\/mercedes-benz\/services-accessoires\/#primaryimage\",\"url\":\"https:\/\/www.automobiles-caveng.ch\/mercedes-benz\/wp-content\/uploads\/2023\/11\/services-mercedes-benz-caveng.jpeg\",\"contentUrl\":\"https:\/\/www.automobiles-caveng.ch\/mercedes-benz\/wp-content\/uploads\/2023\/11\/services-mercedes-benz-caveng.jpeg\",\"width\":999,\"height\":1500},{\"@type\":\"BreadcrumbList\",\"@id\":\"https:\/\/www.automobiles-caveng.ch\/mercedes-benz\/services-accessoires\/#breadcrumb\",\"itemListElement\":[{\"@type\":\"ListItem\",\"position\":1,\"name\":\"Accueil\",\"item\":\"https:\/\/www.automobiles-caveng.ch\/mercedes-benz\/\"},{\"@type\":\"ListItem\",\"position\":2,\"name\":\"Service &#038; accessoires\"}]},{\"@type\":\"WebSite\",\"@id\":\"https:\/\/www.automobiles-caveng.ch\/mercedes-benz\/#website\",\"url\":\"https:\/\/www.automobiles-caveng.ch\/mercedes-benz\/\",\"name\":\"Automobiles Caveng Mercedes-Benz Gen\u00e8ve\",\"description\":\"\",\"potentialAction\":[{\"@type\":\"SearchAction\",\"target\":{\"@type\":\"EntryPoint\",\"urlTemplate\":\"https:\/\/www.automobiles-caveng.ch\/mercedes-benz\/?s={search_term_string}\"},\"query-input\":{\"@type\":\"PropertyValueSpecification\",\"valueRequired\":true,\"valueName\":\"search_term_string\"}}],\"inLanguage\":\"fr-FR\"}]}<\/script>\n<!-- \/ Yoast SEO plugin. -->","yoast_head_json":{"title":"Service & accessoires | Automobiles Caveng Mercedes-Benz Gen\u00e8ve","description":"Revendeur officiel officiel mercedes-Benz \u00e0 Gen\u00e8ve, nous vous proposons des services et accessoires de qualit\u00e9 et personnalis\u00e9s.","robots":{"index":"index","follow":"follow","max-snippet":"max-snippet:-1","max-image-preview":"max-image-preview:large","max-video-preview":"max-video-preview:-1"},"canonical":"https:\/\/www.automobiles-caveng.ch\/mercedes-benz\/services-accessoires\/","og_locale":"fr_FR","og_type":"article","og_title":"Service & accessoires | Automobiles Caveng Mercedes-Benz Gen\u00e8ve","og_description":"Revendeur officiel officiel mercedes-Benz \u00e0 Gen\u00e8ve, nous vous proposons des services et accessoires de qualit\u00e9 et personnalis\u00e9s.","og_url":"https:\/\/www.automobiles-caveng.ch\/mercedes-benz\/services-accessoires\/","og_site_name":"Automobiles Caveng Mercedes-Benz Gen\u00e8ve","article_publisher":"https:\/\/www.facebook.com\/mercedesbenzcaveng","article_modified_time":"2025-10-21T15:43:07+00:00","og_image":[{"url":"https:\/\/www.automobiles-caveng.ch\/mercedes-benz\/wp-content\/uploads\/2023\/11\/services-mercedes-benz-caveng.jpeg","type":"","width":"","height":""}],"twitter_card":"summary_large_image","twitter_misc":{"Dur\u00e9e de lecture estim\u00e9e":"4 minutes"},"schema":{"@context":"https:\/\/schema.org","@graph":[{"@type":"WebPage","@id":"https:\/\/www.automobiles-caveng.ch\/mercedes-benz\/services-accessoires\/","url":"https:\/\/www.automobiles-caveng.ch\/mercedes-benz\/services-accessoires\/","name":"Service & accessoires | Automobiles Caveng Mercedes-Benz Gen\u00e8ve","isPartOf":{"@id":"https:\/\/www.automobiles-caveng.ch\/mercedes-benz\/#website"},"primaryImageOfPage":{"@id":"https:\/\/www.automobiles-caveng.ch\/mercedes-benz\/services-accessoires\/#primaryimage"},"image":{"@id":"https:\/\/www.automobiles-caveng.ch\/mercedes-benz\/services-accessoires\/#primaryimage"},"thumbnailUrl":"https:\/\/www.automobiles-caveng.ch\/mercedes-benz\/wp-content\/uploads\/2023\/11\/services-mercedes-benz-caveng.jpeg","datePublished":"2023-02-27T11:33:42+00:00","dateModified":"2025-10-21T15:43:07+00:00","description":"Revendeur officiel officiel mercedes-Benz \u00e0 Gen\u00e8ve, nous vous proposons des services et accessoires de qualit\u00e9 et personnalis\u00e9s.","breadcrumb":{"@id":"https:\/\/www.automobiles-caveng.ch\/mercedes-benz\/services-accessoires\/#breadcrumb"},"inLanguage":"fr-FR","potentialAction":[{"@type":"ReadAction","target":["https:\/\/www.automobiles-caveng.ch\/mercedes-benz\/services-accessoires\/"]}]},{"@type":"ImageObject","inLanguage":"fr-FR","@id":"https:\/\/www.automobiles-caveng.ch\/mercedes-benz\/services-accessoires\/#primaryimage","url":"https:\/\/www.automobiles-caveng.ch\/mercedes-benz\/wp-content\/uploads\/2023\/11\/services-mercedes-benz-caveng.jpeg","contentUrl":"https:\/\/www.automobiles-caveng.ch\/mercedes-benz\/wp-content\/uploads\/2023\/11\/services-mercedes-benz-caveng.jpeg","width":999,"height":1500},{"@type":"BreadcrumbList","@id":"https:\/\/www.automobiles-caveng.ch\/mercedes-benz\/services-accessoires\/#breadcrumb","itemListElement":[{"@type":"ListItem","position":1,"name":"Accueil","item":"https:\/\/www.automobiles-caveng.ch\/mercedes-benz\/"},{"@type":"ListItem","position":2,"name":"Service &#038; accessoires"}]},{"@type":"WebSite","@id":"https:\/\/www.automobiles-caveng.ch\/mercedes-benz\/#website","url":"https:\/\/www.automobiles-caveng.ch\/mercedes-benz\/","name":"Automobiles Caveng Mercedes-Benz Gen\u00e8ve","description":"","potentialAction":[{"@type":"SearchAction","target":{"@type":"EntryPoint","urlTemplate":"https:\/\/www.automobiles-caveng.ch\/mercedes-benz\/?s={search_term_string}"},"query-input":{"@type":"PropertyValueSpecification","valueRequired":true,"valueName":"search_term_string"}}],"inLanguage":"fr-FR"}]}},"_links":{"self":[{"href":"https:\/\/www.automobiles-caveng.ch\/mercedes-benz\/wp-json\/wp\/v2\/pages\/3413","targetHints":{"allow":["GET"]}}],"collection":[{"href":"https:\/\/www.automobiles-caveng.ch\/mercedes-benz\/wp-json\/wp\/v2\/pages"}],"about":[{"href":"https:\/\/www.automobiles-caveng.ch\/mercedes-benz\/wp-json\/wp\/v2\/types\/page"}],"author":[{"embeddable":true,"href":"https:\/\/www.automobiles-caveng.ch\/mercedes-benz\/wp-json\/wp\/v2\/users\/1"}],"replies":[{"embeddable":true,"href":"https:\/\/www.automobiles-caveng.ch\/mercedes-benz\/wp-json\/wp\/v2\/comments?post=3413"}],"version-history":[{"count":25,"href":"https:\/\/www.automobiles-caveng.ch\/mercedes-benz\/wp-json\/wp\/v2\/pages\/3413\/revisions"}],"predecessor-version":[{"id":12882,"href":"https:\/\/www.automobiles-caveng.ch\/mercedes-benz\/wp-json\/wp\/v2\/pages\/3413\/revisions\/12882"}],"wp:attachment":[{"href":"https:\/\/www.automobiles-caveng.ch\/mercedes-benz\/wp-json\/wp\/v2\/media?parent=3413"}],"curies":[{"name":"wp","href":"https:\/\/api.w.org\/{rel}","templated":true}]}}