{"id":4064,"date":"2023-03-01T09:53:23","date_gmt":"2023-03-01T09:53:23","guid":{"rendered":"https:\/\/luxedrive.qodeinteractive.com\/?page_id=4064"},"modified":"2026-03-17T16:57:17","modified_gmt":"2026-03-17T15:57:17","slug":"a-propos","status":"publish","type":"page","link":"https:\/\/www.automobiles-caveng.ch\/centre-occasion\/a-propos\/","title":{"rendered":"A propos"},"content":{"rendered":"\t\t<div data-elementor-type=\"wp-page\" data-elementor-id=\"4064\" class=\"elementor elementor-4064\">\n\t\t\t\t\t\t<section class=\"elementor-section elementor-top-section elementor-element elementor-element-f5a13b3 elementor-section-full_width qodef-elementor-content-grid elementor-section-height-default elementor-section-height-default\" data-id=\"f5a13b3\" data-element_type=\"section\" data-settings=\"{&quot;background_background&quot;:&quot;classic&quot;}\">\n\t\t\t\t\t\t<div class=\"elementor-container elementor-column-gap-default\">\n\t\t\t\t\t<div class=\"elementor-column elementor-col-50 elementor-top-column elementor-element elementor-element-f337903\" data-id=\"f337903\" data-element_type=\"column\">\n\t\t\t<div class=\"elementor-widget-wrap elementor-element-populated\">\n\t\t\t\t\t\t<div class=\"elementor-element elementor-element-d73589a elementor-widget elementor-widget-luxedrive_core_section_title\" data-id=\"d73589a\" data-element_type=\"widget\" data-widget_type=\"luxedrive_core_section_title.default\">\n\t\t\t\t<div class=\"elementor-widget-container\">\n\t\t\t\t\t<div class=\"qodef-shortcode qodef-m qodef-section-title qodef-alignment--left qodef-title-break--disabled\">\n\t\t<h3 class=\"qodef-m-title\" style=\"color: #FFFFFF\">\n\t\t\t\t\tAutomobiles Caveng.\t\t\t<\/h3>\n\t\t<span class=\"qodef-m-subtitle\" style=\"color: #256F9C\">CENTRE OCCASIONS MERCEDES-BENZ CERTIFIED<\/span>\n\t<\/div>\n\t\t\t\t<\/div>\n\t\t\t\t<\/div>\n\t\t\t\t\t<\/div>\n\t\t<\/div>\n\t\t\t\t<div class=\"elementor-column elementor-col-50 elementor-top-column elementor-element elementor-element-ec3f399\" data-id=\"ec3f399\" data-element_type=\"column\">\n\t\t\t<div class=\"elementor-widget-wrap elementor-element-populated\">\n\t\t\t\t\t\t<div class=\"elementor-element elementor-element-2295692 elementor-hidden-mobile elementor-widget elementor-widget-luxedrive_core_button\" data-id=\"2295692\" data-element_type=\"widget\" data-widget_type=\"luxedrive_core_button.default\">\n\t\t\t\t<div class=\"elementor-widget-container\">\n\t\t\t\t\t<a class=\"qodef-shortcode qodef-m qodef-button qodef-layout--outlined qodef-size--full qodef-html--link\" href=\"https:\/\/www.automobiles-caveng.ch\/centre-occasion\/stock-occasions\/\" target=\"_self\" data-hover-color=\"#256F9C\" style=\"color: #FFFFFF\">\n\t<span class=\"qodef-m-text\">D\u00e9couvrez nos Occasions Certified<\/span>\n<\/a>\n\t\t\t\t<\/div>\n\t\t\t\t<\/div>\n\t\t\t\t\t<\/div>\n\t\t<\/div>\n\t\t\t\t\t<\/div>\n\t\t<\/section>\n\t\t\t\t<section class=\"elementor-section elementor-top-section elementor-element elementor-element-b2f8ed9 elementor-section-full_width qodef-elementor-content-grid elementor-hidden-mobile elementor-section-height-default elementor-section-height-default\" data-id=\"b2f8ed9\" data-element_type=\"section\" data-settings=\"{&quot;background_background&quot;:&quot;classic&quot;}\">\n\t\t\t\t\t\t<div class=\"elementor-container elementor-column-gap-default\">\n\t\t\t\t\t<div class=\"elementor-column elementor-col-50 elementor-top-column elementor-element elementor-element-30f03c2\" data-id=\"30f03c2\" data-element_type=\"column\">\n\t\t\t<div class=\"elementor-widget-wrap elementor-element-populated\">\n\t\t\t\t\t\t<div class=\"elementor-element elementor-element-605cc5c elementor-widget elementor-widget-luxedrive_core_single_image\" data-id=\"605cc5c\" data-element_type=\"widget\" data-widget_type=\"luxedrive_core_single_image.default\">\n\t\t\t\t<div class=\"elementor-widget-container\">\n\t\t\t\t\t<div class=\"qodef-shortcode qodef-m qodef-single-image qodef-layout--default\">\n\t\t\t<div class=\"qodef-m-image\" >\n\t\t\t\t\t\t\t\t<img fetchpriority=\"high\" decoding=\"async\" width=\"1711\" height=\"1294\" src=\"https:\/\/www.automobiles-caveng.ch\/centre-occasion\/wp-content\/uploads\/2023\/06\/Caveng_Centre_Occasions_Mercedes_37.jpg\" class=\"attachment-full size-full\" alt=\"\" srcset=\"https:\/\/www.automobiles-caveng.ch\/centre-occasion\/wp-content\/uploads\/2023\/06\/Caveng_Centre_Occasions_Mercedes_37.jpg 1711w, https:\/\/www.automobiles-caveng.ch\/centre-occasion\/wp-content\/uploads\/2023\/06\/Caveng_Centre_Occasions_Mercedes_37-300x227.jpg 300w, https:\/\/www.automobiles-caveng.ch\/centre-occasion\/wp-content\/uploads\/2023\/06\/Caveng_Centre_Occasions_Mercedes_37-1024x774.jpg 1024w, https:\/\/www.automobiles-caveng.ch\/centre-occasion\/wp-content\/uploads\/2023\/06\/Caveng_Centre_Occasions_Mercedes_37-768x581.jpg 768w, https:\/\/www.automobiles-caveng.ch\/centre-occasion\/wp-content\/uploads\/2023\/06\/Caveng_Centre_Occasions_Mercedes_37-1536x1162.jpg 1536w\" sizes=\"(max-width: 1711px) 100vw, 1711px\" \/>\t\t\t\t\t\t\t<\/div>\n\t<\/div>\n\t\t\t\t<\/div>\n\t\t\t\t<\/div>\n\t\t\t\t\t<\/div>\n\t\t<\/div>\n\t\t\t\t<div class=\"elementor-column elementor-col-50 elementor-top-column elementor-element elementor-element-cd0cc93\" data-id=\"cd0cc93\" data-element_type=\"column\">\n\t\t\t<div class=\"elementor-widget-wrap elementor-element-populated\">\n\t\t\t\t\t\t<div class=\"elementor-element elementor-element-6e54978 elementor-widget elementor-widget-luxedrive_core_image_gallery\" data-id=\"6e54978\" data-element_type=\"widget\" data-widget_type=\"luxedrive_core_image_gallery.default\">\n\t\t\t\t<div class=\"elementor-widget-container\">\n\t\t\t\t\t<div class=\"qodef-shortcode qodef-m qodef-image-gallery qodef-grid qodef-layout--columns qodef-gutter--small qodef-vertical-gutter--small qodef-col-num--2 qodef-responsive--custom qodef-col-num--1440--2 qodef-col-num--1366--2 qodef-col-num--1024--2 qodef-col-num--768--1 qodef-col-num--680--1 qodef-col-num--480--1 qodef-swiper--show-pagination qodef-swiper-pagination--fraction\">\n\t<div class=\"qodef-grid-inner\">\n\t\t<div class=\"qodef-e qodef-image-wrapper qodef-grid-item \" >\n\t\t\t<img decoding=\"async\" width=\"863\" height=\"1294\" src=\"https:\/\/www.automobiles-caveng.ch\/centre-occasion\/wp-content\/uploads\/2023\/06\/Caveng_Centre_Occasions_Mercedes_31.jpg\" class=\"attachment-full size-full\" alt=\"\" srcset=\"https:\/\/www.automobiles-caveng.ch\/centre-occasion\/wp-content\/uploads\/2023\/06\/Caveng_Centre_Occasions_Mercedes_31.jpg 863w, https:\/\/www.automobiles-caveng.ch\/centre-occasion\/wp-content\/uploads\/2023\/06\/Caveng_Centre_Occasions_Mercedes_31-200x300.jpg 200w, https:\/\/www.automobiles-caveng.ch\/centre-occasion\/wp-content\/uploads\/2023\/06\/Caveng_Centre_Occasions_Mercedes_31-683x1024.jpg 683w, https:\/\/www.automobiles-caveng.ch\/centre-occasion\/wp-content\/uploads\/2023\/06\/Caveng_Centre_Occasions_Mercedes_31-768x1152.jpg 768w\" sizes=\"(max-width: 863px) 100vw, 863px\" \/>\t<\/div>\n<div class=\"qodef-e qodef-image-wrapper qodef-grid-item \" >\n\t\t\t<img decoding=\"async\" width=\"862\" height=\"1294\" src=\"https:\/\/www.automobiles-caveng.ch\/centre-occasion\/wp-content\/uploads\/2023\/06\/Caveng_Centre_Occasions_Mercedes_7-copie-2-1.jpg\" class=\"attachment-full size-full\" alt=\"\" srcset=\"https:\/\/www.automobiles-caveng.ch\/centre-occasion\/wp-content\/uploads\/2023\/06\/Caveng_Centre_Occasions_Mercedes_7-copie-2-1.jpg 862w, https:\/\/www.automobiles-caveng.ch\/centre-occasion\/wp-content\/uploads\/2023\/06\/Caveng_Centre_Occasions_Mercedes_7-copie-2-1-200x300.jpg 200w, https:\/\/www.automobiles-caveng.ch\/centre-occasion\/wp-content\/uploads\/2023\/06\/Caveng_Centre_Occasions_Mercedes_7-copie-2-1-682x1024.jpg 682w, https:\/\/www.automobiles-caveng.ch\/centre-occasion\/wp-content\/uploads\/2023\/06\/Caveng_Centre_Occasions_Mercedes_7-copie-2-1-768x1153.jpg 768w\" sizes=\"(max-width: 862px) 100vw, 862px\" \/>\t<\/div>\n\t<\/div>\n<\/div>\n\t\t\t\t<\/div>\n\t\t\t\t<\/div>\n\t\t\t\t\t<\/div>\n\t\t<\/div>\n\t\t\t\t\t<\/div>\n\t\t<\/section>\n\t\t\t\t<section class=\"elementor-section elementor-top-section elementor-element elementor-element-e78b15f elementor-section-full_width qodef-elementor-content-grid elementor-hidden-desktop elementor-hidden-tablet elementor-section-height-default elementor-section-height-default\" data-id=\"e78b15f\" data-element_type=\"section\" data-settings=\"{&quot;background_background&quot;:&quot;classic&quot;}\">\n\t\t\t\t\t\t<div class=\"elementor-container elementor-column-gap-default\">\n\t\t\t\t\t<div class=\"elementor-column elementor-col-100 elementor-top-column elementor-element elementor-element-7ff3041\" data-id=\"7ff3041\" data-element_type=\"column\">\n\t\t\t<div class=\"elementor-widget-wrap elementor-element-populated\">\n\t\t\t\t\t\t<div class=\"elementor-element elementor-element-84c8b63 elementor-widget elementor-widget-luxedrive_core_single_image\" data-id=\"84c8b63\" data-element_type=\"widget\" data-widget_type=\"luxedrive_core_single_image.default\">\n\t\t\t\t<div class=\"elementor-widget-container\">\n\t\t\t\t\t<div class=\"qodef-shortcode qodef-m qodef-single-image qodef-layout--default\">\n\t\t\t<div class=\"qodef-m-image\" >\n\t\t\t\t\t\t\t\t<img fetchpriority=\"high\" decoding=\"async\" width=\"1711\" height=\"1294\" src=\"https:\/\/www.automobiles-caveng.ch\/centre-occasion\/wp-content\/uploads\/2023\/06\/Caveng_Centre_Occasions_Mercedes_37.jpg\" class=\"attachment-full size-full\" alt=\"\" srcset=\"https:\/\/www.automobiles-caveng.ch\/centre-occasion\/wp-content\/uploads\/2023\/06\/Caveng_Centre_Occasions_Mercedes_37.jpg 1711w, https:\/\/www.automobiles-caveng.ch\/centre-occasion\/wp-content\/uploads\/2023\/06\/Caveng_Centre_Occasions_Mercedes_37-300x227.jpg 300w, https:\/\/www.automobiles-caveng.ch\/centre-occasion\/wp-content\/uploads\/2023\/06\/Caveng_Centre_Occasions_Mercedes_37-1024x774.jpg 1024w, https:\/\/www.automobiles-caveng.ch\/centre-occasion\/wp-content\/uploads\/2023\/06\/Caveng_Centre_Occasions_Mercedes_37-768x581.jpg 768w, https:\/\/www.automobiles-caveng.ch\/centre-occasion\/wp-content\/uploads\/2023\/06\/Caveng_Centre_Occasions_Mercedes_37-1536x1162.jpg 1536w\" sizes=\"(max-width: 1711px) 100vw, 1711px\" \/>\t\t\t\t\t\t\t<\/div>\n\t<\/div>\n\t\t\t\t<\/div>\n\t\t\t\t<\/div>\n\t\t\t\t\t<\/div>\n\t\t<\/div>\n\t\t\t\t\t<\/div>\n\t\t<\/section>\n\t\t\t\t<section class=\"elementor-section elementor-top-section elementor-element elementor-element-6e1b097 qodef-elementor-content-grid elementor-section-boxed elementor-section-height-default elementor-section-height-default\" data-id=\"6e1b097\" data-element_type=\"section\" data-settings=\"{&quot;background_background&quot;:&quot;classic&quot;}\">\n\t\t\t\t\t\t<div class=\"elementor-container elementor-column-gap-default\">\n\t\t\t\t\t<div class=\"elementor-column elementor-col-100 elementor-top-column elementor-element elementor-element-9290f48\" data-id=\"9290f48\" data-element_type=\"column\">\n\t\t\t<div class=\"elementor-widget-wrap elementor-element-populated\">\n\t\t\t\t\t\t<div class=\"elementor-element elementor-element-edf9582 elementor-widget elementor-widget-luxedrive_core_clients_list\" data-id=\"edf9582\" data-element_type=\"widget\" data-widget_type=\"luxedrive_core_clients_list.default\">\n\t\t\t\t<div class=\"elementor-widget-container\">\n\t\t\t\t\t<div class=\"qodef-shortcode qodef-m qodef-clients-list qodef-grid qodef-swiper-container qodef-gutter--no qodef-col-num--5 qodef-item-layout--image-only qodef-responsive--custom qodef-col-num--1440--6 qodef-col-num--1366--6 qodef-col-num--1024--3 qodef-col-num--768--2 qodef-col-num--680--1 qodef-col-num--480--1 qodef-hover-animation--fade-in\" style=\"--qodef-client-initial-opacity: 1;--qodef-client-hover-opacity: .5\" data-options=\"{&quot;slidesPerView&quot;:&quot;5&quot;,&quot;spaceBetween&quot;:0,&quot;loop&quot;:true,&quot;autoplay&quot;:true,&quot;speed&quot;:&quot;&quot;,&quot;speedAnimation&quot;:&quot;&quot;,&quot;slideAnimation&quot;:&quot;&quot;,&quot;direction&quot;:&quot;&quot;,&quot;centeredSlides&quot;:&quot;&quot;,&quot;sliderScroll&quot;:&quot;&quot;,&quot;loopAdditionalSlides&quot;:&quot;&quot;,&quot;sliderPaginationType&quot;:&quot;fraction&quot;,&quot;customStages&quot;:true,&quot;slidesPerView1440&quot;:&quot;6&quot;,&quot;slidesPerView1366&quot;:&quot;6&quot;,&quot;slidesPerView1024&quot;:&quot;3&quot;,&quot;slidesPerView768&quot;:&quot;2&quot;,&quot;slidesPerView680&quot;:&quot;1&quot;,&quot;slidesPerView480&quot;:&quot;1&quot;}\">\n\t<div class=\"swiper-wrapper\">\n\t\t<span class=\"qodef-e swiper-slide\">\n\t<span class=\"qodef-e-inner\">\n\t\t\t<span class=\"qodef-e-image\">\n\t\t\t\t\t\t\t\t\t<span class=\"qodef-e-logo\">\n\t\t\t\t\t<img loading=\"lazy\" decoding=\"async\" width=\"150\" height=\"116\" src=\"https:\/\/www.automobiles-caveng.ch\/centre-occasion\/wp-content\/uploads\/2023\/06\/Aston-martin-3-150x116-1.png\" class=\"attachment-full size-full\" alt=\"\" \/>\t\t\t\t<\/span>\n\t\t\t\t\t\t\t\t\t<\/span>\n\t<\/span>\n<\/span>\n<span class=\"qodef-e swiper-slide\">\n\t<span class=\"qodef-e-inner\">\n\t\t\t<span class=\"qodef-e-image\">\n\t\t\t\t\t\t\t\t\t<span class=\"qodef-e-logo\">\n\t\t\t\t\t<img loading=\"lazy\" decoding=\"async\" width=\"150\" height=\"116\" src=\"https:\/\/www.automobiles-caveng.ch\/centre-occasion\/wp-content\/uploads\/2023\/06\/Audi-Logo-With-Transparent-Background-PNG-1-150x116-1.png\" class=\"attachment-full size-full\" alt=\"\" \/>\t\t\t\t<\/span>\n\t\t\t\t\t\t\t\t\t<\/span>\n\t<\/span>\n<\/span>\n<span class=\"qodef-e swiper-slide\">\n\t<span class=\"qodef-e-inner\">\n\t\t\t<span class=\"qodef-e-image\">\n\t\t\t\t\t\t\t\t\t<span class=\"qodef-e-logo\">\n\t\t\t\t\t<img loading=\"lazy\" decoding=\"async\" width=\"150\" height=\"116\" src=\"https:\/\/www.automobiles-caveng.ch\/centre-occasion\/wp-content\/uploads\/2023\/06\/bmw-150x116-1.png\" class=\"attachment-full size-full\" alt=\"\" \/>\t\t\t\t<\/span>\n\t\t\t\t\t\t\t\t\t<\/span>\n\t<\/span>\n<\/span>\n<span class=\"qodef-e swiper-slide\">\n\t<span class=\"qodef-e-inner\">\n\t\t\t<span class=\"qodef-e-image\">\n\t\t\t\t\t\t\t\t\t<span class=\"qodef-e-logo\">\n\t\t\t\t\t<img loading=\"lazy\" decoding=\"async\" width=\"150\" height=\"116\" src=\"https:\/\/www.automobiles-caveng.ch\/centre-occasion\/wp-content\/uploads\/2023\/06\/dacia-1-150x116-1.png\" class=\"attachment-full size-full\" alt=\"\" \/>\t\t\t\t<\/span>\n\t\t\t\t\t\t\t\t\t<\/span>\n\t<\/span>\n<\/span>\n<span class=\"qodef-e swiper-slide\">\n\t<span class=\"qodef-e-inner\">\n\t\t\t<span class=\"qodef-e-image\">\n\t\t\t\t\t\t\t\t\t<span class=\"qodef-e-logo\">\n\t\t\t\t\t<img loading=\"lazy\" decoding=\"async\" width=\"150\" height=\"116\" src=\"https:\/\/www.automobiles-caveng.ch\/centre-occasion\/wp-content\/uploads\/2023\/06\/DS-auto-150x116-1.png\" class=\"attachment-full size-full\" alt=\"\" \/>\t\t\t\t<\/span>\n\t\t\t\t\t\t\t\t\t<\/span>\n\t<\/span>\n<\/span>\n<span class=\"qodef-e swiper-slide\">\n\t<span class=\"qodef-e-inner\">\n\t\t\t<span class=\"qodef-e-image\">\n\t\t\t\t\t\t\t\t\t<span class=\"qodef-e-logo\">\n\t\t\t\t\t<img loading=\"lazy\" decoding=\"async\" width=\"150\" height=\"116\" src=\"https:\/\/www.automobiles-caveng.ch\/centre-occasion\/wp-content\/uploads\/2023\/06\/honda-1-150x116-1.png\" class=\"attachment-full size-full\" alt=\"\" \/>\t\t\t\t<\/span>\n\t\t\t\t\t\t\t\t\t<\/span>\n\t<\/span>\n<\/span>\n<span class=\"qodef-e swiper-slide\">\n\t<span class=\"qodef-e-inner\">\n\t\t\t<span class=\"qodef-e-image\">\n\t\t\t\t\t\t\t\t\t<span class=\"qodef-e-logo\">\n\t\t\t\t\t<img loading=\"lazy\" decoding=\"async\" width=\"150\" height=\"116\" src=\"https:\/\/www.automobiles-caveng.ch\/centre-occasion\/wp-content\/uploads\/2023\/06\/jaguar-150x116-1.png\" class=\"attachment-full size-full\" alt=\"\" \/>\t\t\t\t<\/span>\n\t\t\t\t\t\t\t\t\t<\/span>\n\t<\/span>\n<\/span>\n<span class=\"qodef-e swiper-slide\">\n\t<span class=\"qodef-e-inner\">\n\t\t\t<span class=\"qodef-e-image\">\n\t\t\t\t\t\t\t\t\t<span class=\"qodef-e-logo\">\n\t\t\t\t\t<img loading=\"lazy\" decoding=\"async\" width=\"150\" height=\"116\" src=\"https:\/\/www.automobiles-caveng.ch\/centre-occasion\/wp-content\/uploads\/2023\/06\/jeep-150x116-1.png\" class=\"attachment-full size-full\" alt=\"\" \/>\t\t\t\t<\/span>\n\t\t\t\t\t\t\t\t\t<\/span>\n\t<\/span>\n<\/span>\n<span class=\"qodef-e swiper-slide\">\n\t<span class=\"qodef-e-inner\">\n\t\t\t<span class=\"qodef-e-image\">\n\t\t\t\t\t\t\t\t\t<span class=\"qodef-e-logo\">\n\t\t\t\t\t<img loading=\"lazy\" decoding=\"async\" width=\"150\" height=\"116\" src=\"https:\/\/www.automobiles-caveng.ch\/centre-occasion\/wp-content\/uploads\/2023\/06\/land-rover-150x116-1.png\" class=\"attachment-full size-full\" alt=\"\" \/>\t\t\t\t<\/span>\n\t\t\t\t\t\t\t\t\t<\/span>\n\t<\/span>\n<\/span>\n<span class=\"qodef-e swiper-slide\">\n\t<span class=\"qodef-e-inner\">\n\t\t\t<span class=\"qodef-e-image\">\n\t\t\t\t\t\t\t\t\t<span class=\"qodef-e-logo\">\n\t\t\t\t\t<img loading=\"lazy\" decoding=\"async\" width=\"150\" height=\"116\" src=\"https:\/\/www.automobiles-caveng.ch\/centre-occasion\/wp-content\/uploads\/2023\/06\/lexus-150x116-1.png\" class=\"attachment-full size-full\" alt=\"\" \/>\t\t\t\t<\/span>\n\t\t\t\t\t\t\t\t\t<\/span>\n\t<\/span>\n<\/span>\n<span class=\"qodef-e swiper-slide\">\n\t<span class=\"qodef-e-inner\">\n\t\t\t<span class=\"qodef-e-image\">\n\t\t\t\t\t\t\t\t\t<span class=\"qodef-e-logo\">\n\t\t\t\t\t<img loading=\"lazy\" decoding=\"async\" width=\"150\" height=\"116\" src=\"https:\/\/www.automobiles-caveng.ch\/centre-occasion\/wp-content\/uploads\/2023\/06\/logo-etoile-150x116-1.png\" class=\"attachment-full size-full\" alt=\"\" \/>\t\t\t\t<\/span>\n\t\t\t\t\t\t\t\t\t<\/span>\n\t<\/span>\n<\/span>\n<span class=\"qodef-e swiper-slide\">\n\t<span class=\"qodef-e-inner\">\n\t\t\t<span class=\"qodef-e-image\">\n\t\t\t\t\t\t\t\t\t<span class=\"qodef-e-logo\">\n\t\t\t\t\t<img loading=\"lazy\" decoding=\"async\" width=\"150\" height=\"116\" src=\"https:\/\/www.automobiles-caveng.ch\/centre-occasion\/wp-content\/uploads\/2023\/06\/logo-porsche-4-150x116-1.png\" class=\"attachment-full size-full\" alt=\"\" \/>\t\t\t\t<\/span>\n\t\t\t\t\t\t\t\t\t<\/span>\n\t<\/span>\n<\/span>\n<span class=\"qodef-e swiper-slide\">\n\t<span class=\"qodef-e-inner\">\n\t\t\t<span class=\"qodef-e-image\">\n\t\t\t\t\t\t\t\t\t<span class=\"qodef-e-logo\">\n\t\t\t\t\t<img loading=\"lazy\" decoding=\"async\" width=\"150\" height=\"118\" src=\"https:\/\/www.automobiles-caveng.ch\/centre-occasion\/wp-content\/uploads\/2023\/06\/logo-Tesla-150x118-1.png\" class=\"attachment-full size-full\" alt=\"\" \/>\t\t\t\t<\/span>\n\t\t\t\t\t\t\t\t\t<\/span>\n\t<\/span>\n<\/span>\n<span class=\"qodef-e swiper-slide\">\n\t<span class=\"qodef-e-inner\">\n\t\t\t<span class=\"qodef-e-image\">\n\t\t\t\t\t\t\t\t\t<span class=\"qodef-e-logo\">\n\t\t\t\t\t<img loading=\"lazy\" decoding=\"async\" width=\"150\" height=\"115\" src=\"https:\/\/www.automobiles-caveng.ch\/centre-occasion\/wp-content\/uploads\/2023\/06\/MAS_MasterLogo-Horizontal_NewLogo_White-copie-150x115-1.png\" class=\"attachment-full size-full\" alt=\"\" \/>\t\t\t\t<\/span>\n\t\t\t\t\t\t\t\t\t<\/span>\n\t<\/span>\n<\/span>\n<span class=\"qodef-e swiper-slide\">\n\t<span class=\"qodef-e-inner\">\n\t\t\t<span class=\"qodef-e-image\">\n\t\t\t\t\t\t\t\t\t<span class=\"qodef-e-logo\">\n\t\t\t\t\t<img loading=\"lazy\" decoding=\"async\" width=\"150\" height=\"116\" src=\"https:\/\/www.automobiles-caveng.ch\/centre-occasion\/wp-content\/uploads\/2023\/06\/mini-150x116-1.png\" class=\"attachment-full size-full\" alt=\"\" \/>\t\t\t\t<\/span>\n\t\t\t\t\t\t\t\t\t<\/span>\n\t<\/span>\n<\/span>\n<span class=\"qodef-e swiper-slide\">\n\t<span class=\"qodef-e-inner\">\n\t\t\t<span class=\"qodef-e-image\">\n\t\t\t\t\t\t\t\t\t<span class=\"qodef-e-logo\">\n\t\t\t\t\t<img loading=\"lazy\" decoding=\"async\" width=\"150\" height=\"116\" src=\"https:\/\/www.automobiles-caveng.ch\/centre-occasion\/wp-content\/uploads\/2023\/06\/nissan-150x116-1.png\" class=\"attachment-full size-full\" alt=\"\" \/>\t\t\t\t<\/span>\n\t\t\t\t\t\t\t\t\t<\/span>\n\t<\/span>\n<\/span>\n<span class=\"qodef-e swiper-slide\">\n\t<span class=\"qodef-e-inner\">\n\t\t\t<span class=\"qodef-e-image\">\n\t\t\t\t\t\t\t\t\t<span class=\"qodef-e-logo\">\n\t\t\t\t\t<img loading=\"lazy\" decoding=\"async\" width=\"150\" height=\"116\" src=\"https:\/\/www.automobiles-caveng.ch\/centre-occasion\/wp-content\/uploads\/2023\/06\/volvo-150x116-1.png\" class=\"attachment-full size-full\" alt=\"\" \/>\t\t\t\t<\/span>\n\t\t\t\t\t\t\t\t\t<\/span>\n\t<\/span>\n<\/span>\n<span class=\"qodef-e swiper-slide\">\n\t<span class=\"qodef-e-inner\">\n\t\t\t<span class=\"qodef-e-image\">\n\t\t\t\t\t\t\t\t\t<span class=\"qodef-e-logo\">\n\t\t\t\t\t<img loading=\"lazy\" decoding=\"async\" width=\"150\" height=\"116\" src=\"https:\/\/www.automobiles-caveng.ch\/centre-occasion\/wp-content\/uploads\/2023\/06\/vw-150x116-1.png\" class=\"attachment-full size-full\" alt=\"\" \/>\t\t\t\t<\/span>\n\t\t\t\t\t\t\t\t\t<\/span>\n\t<\/span>\n<\/span>\n\t<\/div>\n\t\t<\/div>\n\t\t\t\t<\/div>\n\t\t\t\t<\/div>\n\t\t\t\t<div class=\"elementor-element elementor-element-c541135 elementor-hidden-desktop elementor-hidden-tablet elementor-widget elementor-widget-luxedrive_core_button\" data-id=\"c541135\" data-element_type=\"widget\" data-widget_type=\"luxedrive_core_button.default\">\n\t\t\t\t<div class=\"elementor-widget-container\">\n\t\t\t\t\t<a class=\"qodef-shortcode qodef-m qodef-button qodef-layout--outlined qodef-size--small qodef-html--link\" href=\"https:\/\/www.automobiles-caveng.ch\/centre-occasion\/stock-occasions\/\" target=\"_self\" data-hover-color=\"#256F9C\" style=\"color: #FFFFFF;font-size: 10px\">\n\t<span class=\"qodef-m-text\">D\u00e9couvrez nos Occasions Certified<\/span>\n<\/a>\n\t\t\t\t<\/div>\n\t\t\t\t<\/div>\n\t\t\t\t\t<\/div>\n\t\t<\/div>\n\t\t\t\t\t<\/div>\n\t\t<\/section>\n\t\t\t\t<section class=\"elementor-section elementor-top-section elementor-element elementor-element-cf324e2 elementor-section-full_width elementor-section-height-default elementor-section-height-default\" data-id=\"cf324e2\" data-element_type=\"section\" data-settings=\"{&quot;background_background&quot;:&quot;classic&quot;}\">\n\t\t\t\t\t\t<div class=\"elementor-container elementor-column-gap-default\">\n\t\t\t\t\t<div class=\"elementor-column elementor-col-50 elementor-top-column elementor-element elementor-element-0edbe42\" data-id=\"0edbe42\" data-element_type=\"column\" data-settings=\"{&quot;background_background&quot;:&quot;classic&quot;}\">\n\t\t\t<div class=\"elementor-widget-wrap elementor-element-populated\">\n\t\t\t\t\t\t<div class=\"elementor-element elementor-element-a72f70c elementor-widget elementor-widget-spacer\" data-id=\"a72f70c\" data-element_type=\"widget\" data-widget_type=\"spacer.default\">\n\t\t\t\t<div class=\"elementor-widget-container\">\n\t\t\t\t\t\t\t<div class=\"elementor-spacer\">\n\t\t\t<div class=\"elementor-spacer-inner\"><\/div>\n\t\t<\/div>\n\t\t\t\t\t\t<\/div>\n\t\t\t\t<\/div>\n\t\t\t\t\t<\/div>\n\t\t<\/div>\n\t\t\t\t<div class=\"elementor-column elementor-col-50 elementor-top-column elementor-element elementor-element-9c1e926\" data-id=\"9c1e926\" data-element_type=\"column\" data-settings=\"{&quot;background_background&quot;:&quot;classic&quot;}\">\n\t\t\t<div class=\"elementor-widget-wrap elementor-element-populated\">\n\t\t\t\t\t\t<div class=\"elementor-element elementor-element-e8a9fde elementor-widget elementor-widget-text-editor\" data-id=\"e8a9fde\" data-element_type=\"widget\" data-widget_type=\"text-editor.default\">\n\t\t\t\t<div class=\"elementor-widget-container\">\n\t\t\t\t\t\t\t\t\t<div class=\"aem--grid-content\"><section class=\"piheadline__base\"><div class=\"piheadline__desktop\"><div class=\"piheadline__subline\"><div class=\"aem--grid-content\"><div class=\"textelement__wrapper\"><div class=\"textelement__base\"><p class=\"p1\">Chez\u00a0 <span style=\"color: #ffffff;\">Automobiles Caveng Centre Occasions<\/span>, nous comprenons que l&rsquo;achat d&rsquo;une voiture d&rsquo;occasion <span class=\"s2\">est <\/span>une d\u00e9cision importante, c&rsquo;est pourquoi nous nous engageons \u00e0 vous offrir une exp\u00e9rience d&rsquo;achat exceptionnelle, bas\u00e9e sur <span style=\"color: #ffffff;\">la transparence, la fiabilit\u00e9 et <span class=\"s2\">l\u2019enti\u00e8re<\/span> satisfaction.<\/span><\/p><p class=\"p1\">Notre centre est r\u00e9put\u00e9 pour sa s\u00e9lection diversifi\u00e9e de v\u00e9hicules d&rsquo;occasion de toutes marques, mod\u00e8les et budgets. Que vous recherchiez une petite citadine, une berline \u00e9l\u00e9gante, un SUV spacieux ou m\u00eame un v\u00e9hicule utilitaire, nous avons ce qu&rsquo;il vous faut.<\/p><p class=\"p1\">Tous nos v\u00e9hicules sont soigneusement <span style=\"color: #ffffff;\">contr\u00f4l\u00e9s et certifi\u00e9s<\/span> par nos techniciens qualifi\u00e9s, garantissant ainsi une qualit\u00e9 optimale.<\/p><p>En plus de notre vaste choix de voitures d&rsquo;occasion, nous proposons \u00e9galement des services compl\u00e9mentaires afin de faciliter votre exp\u00e9rience d&rsquo;achat\u00a0: <span class=\"s1\"><span style=\"color: #ffffff;\"><strong>financement, couverture d\u2019assurance<\/strong><\/span> par exemple<\/span>. Notre \u00e9quipe de professionnels exp\u00e9riment\u00e9s se tient \u00e0 votre disposition pour r\u00e9pondre \u00e0 toutes vos questions, vous guider dans le processus d&rsquo;achat et vous proposer des solutions <span style=\"color: #ffffff;\"><span class=\"s1\">\u00ab cl\u00e9 en main \u00bb<\/span><\/span>\u00a0adapt\u00e9es \u00e0 vos besoins.<\/p><\/div><\/div><\/div><\/div><\/div><\/section><\/div>\t\t\t\t\t\t\t\t<\/div>\n\t\t\t\t<\/div>\n\t\t\t\t\t<\/div>\n\t\t<\/div>\n\t\t\t\t\t<\/div>\n\t\t<\/section>\n\t\t\t\t<section class=\"elementor-section elementor-top-section elementor-element elementor-element-fb752d6 elementor-section-full_width elementor-reverse-mobile elementor-section-height-default elementor-section-height-default\" data-id=\"fb752d6\" data-element_type=\"section\" data-settings=\"{&quot;background_background&quot;:&quot;classic&quot;}\">\n\t\t\t\t\t\t<div class=\"elementor-container elementor-column-gap-default\">\n\t\t\t\t\t<div class=\"elementor-column elementor-col-50 elementor-top-column elementor-element elementor-element-e2abead\" data-id=\"e2abead\" data-element_type=\"column\" data-settings=\"{&quot;background_background&quot;:&quot;classic&quot;}\">\n\t\t\t<div class=\"elementor-widget-wrap elementor-element-populated\">\n\t\t\t\t\t\t<div class=\"elementor-element elementor-element-a14a34a elementor-hidden-mobile elementor-widget elementor-widget-spacer\" data-id=\"a14a34a\" data-element_type=\"widget\" data-widget_type=\"spacer.default\">\n\t\t\t\t<div class=\"elementor-widget-container\">\n\t\t\t\t\t\t\t<div class=\"elementor-spacer\">\n\t\t\t<div class=\"elementor-spacer-inner\"><\/div>\n\t\t<\/div>\n\t\t\t\t\t\t<\/div>\n\t\t\t\t<\/div>\n\t\t\t\t<div class=\"elementor-element elementor-element-f4052d1 elementor-widget elementor-widget-text-editor\" data-id=\"f4052d1\" data-element_type=\"widget\" data-widget_type=\"text-editor.default\">\n\t\t\t\t<div class=\"elementor-widget-container\">\n\t\t\t\t\t\t\t\t\t<div class=\"aem--grid-content\"><section class=\"piheadline__base\"><div class=\"piheadline__desktop\"><div class=\"piheadline__subline\"><div class=\"aem--grid-content\"><div class=\"textelement__wrapper\"><div class=\"textelement__base\"><div class=\"aem--grid-content\"><section class=\"piheadline__base\"><div class=\"piheadline__desktop\"><div class=\"piheadline__subline\"><div class=\"aem--grid-content\"><div class=\"textelement__wrapper\"><div class=\"textelement__base\"><p class=\"p1\">Nous comprenons \u00e9galement l&rsquo;importance d\u2019offrir apr\u00e8s la vente un accompagnement dans la dur\u00e9e. C&rsquo;est pourquoi notre centre dispose <span style=\"color: #ffffff;\">d&rsquo;un service apr\u00e8s-vente fiable et comp\u00e9tent<\/span>, \u00e9quip\u00e9 des derni\u00e8res technologies et outils de diagnostic. Notre \u00e9quipe de techniciens form\u00e9s directement par Mercedes-Benz est l\u00e0 pour entretenir et r\u00e9parer votre v\u00e9hicule afin de vous garantir une conduite en toute s\u00e9curit\u00e9 et une tranquillit\u00e9 d&rsquo;esprit.<\/p><\/div><\/div><\/div><\/div><\/div><\/section><\/div><p class=\"p1\">Explorez notre site Web pour d\u00e9couvrir notre <span style=\"text-decoration: underline;\"><span style=\"color: #256f9c; text-decoration: underline;\"><a style=\"color: #256f9c; text-decoration: underline;\" href=\"https:\/\/www.automobiles-caveng.ch\/centre-occasion\/stock-occasions\/\"><strong>stock actuel<\/strong><\/a> <\/span><\/span>et n&rsquo;h\u00e9sitez pas \u00e0 nous contacter pour <span style=\"color: #ffffff;\">planifier un essai routier<\/span> ou pour obtenir plus d&rsquo;informations sur nos services.<\/p><p class=\"p1\">Chez Automobiles Caveng Centre Occasions, <span class=\"s1\" style=\"color: #ffffff;\">nous sommes l\u00e0 pour vous aider \u00e0 trouver<\/span> la voiture de vos r\u00eaves.<\/p><\/div><\/div><\/div><\/div><\/div><\/section><\/div>\t\t\t\t\t\t\t\t<\/div>\n\t\t\t\t<\/div>\n\t\t\t\t<div class=\"elementor-element elementor-element-2b683a0 elementor-hidden-mobile elementor-widget elementor-widget-spacer\" data-id=\"2b683a0\" data-element_type=\"widget\" data-widget_type=\"spacer.default\">\n\t\t\t\t<div class=\"elementor-widget-container\">\n\t\t\t\t\t\t\t<div class=\"elementor-spacer\">\n\t\t\t<div class=\"elementor-spacer-inner\"><\/div>\n\t\t<\/div>\n\t\t\t\t\t\t<\/div>\n\t\t\t\t<\/div>\n\t\t\t\t\t<\/div>\n\t\t<\/div>\n\t\t\t\t<div class=\"elementor-column elementor-col-50 elementor-top-column elementor-element elementor-element-16be1bf\" data-id=\"16be1bf\" data-element_type=\"column\" data-settings=\"{&quot;background_background&quot;:&quot;classic&quot;}\">\n\t\t\t<div class=\"elementor-widget-wrap elementor-element-populated\">\n\t\t\t\t\t\t<div class=\"elementor-element elementor-element-9b0406e elementor-widget elementor-widget-spacer\" data-id=\"9b0406e\" data-element_type=\"widget\" data-widget_type=\"spacer.default\">\n\t\t\t\t<div class=\"elementor-widget-container\">\n\t\t\t\t\t\t\t<div class=\"elementor-spacer\">\n\t\t\t<div class=\"elementor-spacer-inner\"><\/div>\n\t\t<\/div>\n\t\t\t\t\t\t<\/div>\n\t\t\t\t<\/div>\n\t\t\t\t\t<\/div>\n\t\t<\/div>\n\t\t\t\t\t<\/div>\n\t\t<\/section>\n\t\t\t\t<section class=\"elementor-section elementor-top-section elementor-element elementor-element-dfc1ec3 elementor-section-full_width qodef-elementor-content-grid elementor-section-height-default elementor-section-height-default\" data-id=\"dfc1ec3\" data-element_type=\"section\" data-settings=\"{&quot;background_background&quot;:&quot;classic&quot;}\">\n\t\t\t\t\t\t<div class=\"elementor-container elementor-column-gap-default\">\n\t\t\t\t\t<div class=\"elementor-column elementor-col-100 elementor-top-column elementor-element elementor-element-056e69a\" data-id=\"056e69a\" data-element_type=\"column\">\n\t\t\t<div class=\"elementor-widget-wrap elementor-element-populated\">\n\t\t\t\t\t\t<div class=\"elementor-element elementor-element-9bf46c8 elementor-widget elementor-widget-luxedrive_core_section_title\" data-id=\"9bf46c8\" data-element_type=\"widget\" data-widget_type=\"luxedrive_core_section_title.default\">\n\t\t\t\t<div class=\"elementor-widget-container\">\n\t\t\t\t\t<div class=\"qodef-shortcode qodef-m qodef-section-title qodef-alignment--left\">\n\t\t<h3 class=\"qodef-m-title\" style=\"color: #FFFFFF\">\n\t\t\t\t\tUne \u00e9quipe d'experts \u00e0 votre \u00e9coute.\t\t\t<\/h3>\n\t\t<span class=\"qodef-m-subtitle\" style=\"color: #256F9C\">Comment pouvons-nous vous aider ?<\/span>\n\t<\/div>\n\t\t\t\t<\/div>\n\t\t\t\t<\/div>\n\t\t\t\t\t<\/div>\n\t\t<\/div>\n\t\t\t\t\t<\/div>\n\t\t<\/section>\n\t\t\t\t<section class=\"elementor-section elementor-top-section elementor-element elementor-element-2b7cae2 elementor-section-full_width qodef-elementor-content-grid elementor-section-height-default elementor-section-height-default\" data-id=\"2b7cae2\" data-element_type=\"section\" data-settings=\"{&quot;background_background&quot;:&quot;classic&quot;}\">\n\t\t\t\t\t\t<div class=\"elementor-container elementor-column-gap-default\">\n\t\t\t\t\t<div class=\"elementor-column elementor-col-100 elementor-top-column elementor-element elementor-element-c7d7f69\" data-id=\"c7d7f69\" data-element_type=\"column\">\n\t\t\t<div class=\"elementor-widget-wrap elementor-element-populated\">\n\t\t\t\t\t\t<div class=\"elementor-element elementor-element-56faa57 elementor-hidden-mobile elementor-widget elementor-widget-luxedrive_core_team_list\" data-id=\"56faa57\" data-element_type=\"widget\" data-widget_type=\"luxedrive_core_team_list.default\">\n\t\t\t\t<div class=\"elementor-widget-container\">\n\t\t\t\t\t<div class=\"qodef-shortcode qodef-m qodef-team-list qodef-item-layout--info-right qodef-skin--light qodef-grid qodef-layout--columns qodef-gutter--medium qodef-vertical-gutter--huge qodef-col-num--2 qodef-item-layout--info-right qodef-pagination--off qodef-responsive--predefined qodef-swiper--show-pagination qodef-swiper-pagination--fraction\" data-options=\"{&quot;plugin&quot;:&quot;luxedrive_core&quot;,&quot;module&quot;:&quot;post-types\\\/team\\\/shortcodes&quot;,&quot;shortcode&quot;:&quot;team-list&quot;,&quot;post_type&quot;:&quot;team&quot;,&quot;next_page&quot;:&quot;2&quot;,&quot;max_pages_num&quot;:1,&quot;behavior&quot;:&quot;columns&quot;,&quot;images_proportion&quot;:&quot;large&quot;,&quot;columns&quot;:&quot;2&quot;,&quot;columns_responsive&quot;:&quot;predefined&quot;,&quot;columns_1440&quot;:&quot;3&quot;,&quot;columns_1366&quot;:&quot;3&quot;,&quot;columns_1024&quot;:&quot;3&quot;,&quot;columns_768&quot;:&quot;3&quot;,&quot;columns_680&quot;:&quot;3&quot;,&quot;columns_480&quot;:&quot;3&quot;,&quot;space&quot;:&quot;medium&quot;,&quot;vertical_space&quot;:&quot;huge&quot;,&quot;slider_pagination_type&quot;:&quot;fraction&quot;,&quot;posts_per_page&quot;:&quot;2&quot;,&quot;orderby&quot;:&quot;date&quot;,&quot;order&quot;:&quot;ASC&quot;,&quot;additional_params&quot;:&quot;tax&quot;,&quot;tax&quot;:&quot;team-category&quot;,&quot;tax_slug&quot;:&quot;equipe&quot;,&quot;layout&quot;:&quot;info-right&quot;,&quot;title_tag&quot;:&quot;h5&quot;,&quot;skin&quot;:&quot;light&quot;,&quot;pagination_type&quot;:&quot;no-pagination&quot;,&quot;object_class_name&quot;:&quot;LuxeDriveCore_Team_List_Shortcode&quot;,&quot;taxonomy_filter&quot;:&quot;team-category&quot;,&quot;additional_query_args&quot;:{&quot;tax_query&quot;:[{&quot;taxonomy&quot;:&quot;team-category&quot;,&quot;field&quot;:&quot;slug&quot;,&quot;terms&quot;:&quot;equipe&quot;}]},&quot;item_classes&quot;:&quot;qodef-e qodef-grid-item &quot;,&quot;space_value&quot;:40}\">\n\t\t<div class=\"qodef-grid-inner\">\n\t\t<div class=\"qodef-e qodef-grid-item  post-427 team type-team status-publish has-post-thumbnail hentry team-category-equipe\">\n\t<div class=\"qodef-e-inner\">\n\t\t<div class=\"qodef-e-image\">\n\t\t\t\t<div class=\"qodef-e-media-image\">\n\t\t\t\t\t<img loading=\"lazy\" decoding=\"async\" width=\"312\" height=\"416\" src=\"https:\/\/www.automobiles-caveng.ch\/centre-occasion\/wp-content\/uploads\/2023\/01\/gegory-iannantuoni.jpg\" class=\"attachment-large size-large wp-post-image\" alt=\"\" srcset=\"https:\/\/www.automobiles-caveng.ch\/centre-occasion\/wp-content\/uploads\/2023\/01\/gegory-iannantuoni.jpg 312w, https:\/\/www.automobiles-caveng.ch\/centre-occasion\/wp-content\/uploads\/2023\/01\/gegory-iannantuoni-225x300.jpg 225w\" sizes=\"(max-width: 312px) 100vw, 312px\" \/>\t\t\t<\/div>\n\t\t<\/div>\n\t\t<div class=\"qodef-e-content\">\n\t\t\t<h5 itemprop=\"name\" class=\"qodef-e-title entry-title\" >\n\t\t\tGr\u00e9gory IANNANTUONI\t<\/h5>\n\t\t\t\t<p class=\"qodef-e-role\">Responsable Centre Occasions<\/p>\n\t\t\t\t\t\t\t<div class=\"qodef-contact-info\">\n\t\t\t\t\t\t<a class=\"qodef-team-member-contact-info\" href=\"tel:+41%2022%20349%2031%2058\" target=\"_self\">\n\t\t\t\t\t<span class=\"qodef-icon-font-awesome fa fa-phone\" ><\/span>\t\t\t\t\t\t\t\t\t\t\t<span class=\"qodef-e-contact\">+41 22 349 31 58<\/span>\n\t\t\t\t\t\t\t\t\t<\/a>\n\t\t\t\t\t\t\t\t\t<a class=\"qodef-team-member-contact-info\" href=\"mailto:g.iannantuoni@garage-caveng.ch\" target=\"_blank\">\n\t\t\t\t\t<span class=\"qodef-icon-elegant-icons icon_mail_alt\" ><\/span>\t\t\t\t\t\t\t\t\t\t\t<span class=\"qodef-e-contact\">g.iannantuoni@garage-caveng.ch<\/span>\n\t\t\t\t\t\t\t\t\t<\/a>\n\t\t\t\t\t\t\t\t\t<a class=\"qodef-team-member-contact-info\" href=\"\" target=\"_blank\">\n\t\t\t\t\t<span class=\"qodef-icon-font-awesome fa fa-flag-checkered\" ><\/span>\t\t\t\t\t\t\t\t\t\t\t<span class=\"qodef-e-contact\">Langues: fran\u00e7ais, italien, espagnol, portugais<\/span>\n\t\t\t\t\t\t\t\t\t<\/a>\n\t\t\t\t\t\t<\/div>\n\t\t<\/div>\n\t<\/div>\n<\/div>\n<div class=\"qodef-e qodef-grid-item  post-9120 team type-team status-publish has-post-thumbnail hentry team-category-equipe\">\n\t<div class=\"qodef-e-inner\">\n\t\t<div class=\"qodef-e-image\">\n\t\t\t\t<div class=\"qodef-e-media-image\">\n\t\t\t\t\t<img loading=\"lazy\" decoding=\"async\" width=\"312\" height=\"416\" src=\"https:\/\/www.automobiles-caveng.ch\/centre-occasion\/wp-content\/uploads\/2023\/06\/Peter-Hookway.jpg\" class=\"attachment-large size-large wp-post-image\" alt=\"\" srcset=\"https:\/\/www.automobiles-caveng.ch\/centre-occasion\/wp-content\/uploads\/2023\/06\/Peter-Hookway.jpg 312w, https:\/\/www.automobiles-caveng.ch\/centre-occasion\/wp-content\/uploads\/2023\/06\/Peter-Hookway-225x300.jpg 225w\" sizes=\"(max-width: 312px) 100vw, 312px\" \/>\t\t\t<\/div>\n\t\t<\/div>\n\t\t<div class=\"qodef-e-content\">\n\t\t\t<h5 itemprop=\"name\" class=\"qodef-e-title entry-title\" >\n\t\t\tPeter HOOKWAY\t<\/h5>\n\t\t\t\t<p class=\"qodef-e-role\">Conseiller de vente VO<\/p>\n\t\t\t\t\t\t\t<div class=\"qodef-contact-info\">\n\t\t\t\t\t\t<a class=\"qodef-team-member-contact-info\" href=\"tel:+41%2022%20349%2031%2059\" target=\"_self\">\n\t\t\t\t\t<span class=\"qodef-icon-font-awesome fa fa-phone\" ><\/span>\t\t\t\t\t\t\t\t\t\t\t<span class=\"qodef-e-contact\">+41 22 349 31 59<\/span>\n\t\t\t\t\t\t\t\t\t<\/a>\n\t\t\t\t\t\t\t\t\t<a class=\"qodef-team-member-contact-info\" href=\"tel:+41%2078%20306%2038.89\" target=\"_self\">\n\t\t\t\t\t<span class=\"qodef-icon-font-awesome fa fa-mobile-screen\" ><\/span>\t\t\t\t\t\t\t\t\t\t\t<span class=\"qodef-e-contact\">+41 78 306 38.89<\/span>\n\t\t\t\t\t\t\t\t\t<\/a>\n\t\t\t\t\t\t\t\t\t<a class=\"qodef-team-member-contact-info\" href=\"mailto:p.hookway@garage-caveng.ch\" target=\"_blank\">\n\t\t\t\t\t<span class=\"qodef-icon-elegant-icons icon_mail_alt\" ><\/span>\t\t\t\t\t\t\t\t\t\t\t<span class=\"qodef-e-contact\">p.hookway@garage-caveng.ch<\/span>\n\t\t\t\t\t\t\t\t\t<\/a>\n\t\t\t\t\t\t\t\t\t<a class=\"qodef-team-member-contact-info\" href=\"\" target=\"_blank\">\n\t\t\t\t\t<span class=\"qodef-icon-font-awesome fa fa-flag-checkered\" ><\/span>\t\t\t\t\t\t\t\t\t\t\t<span class=\"qodef-e-contact\">Langues: fran\u00e7ais, anglais<\/span>\n\t\t\t\t\t\t\t\t\t<\/a>\n\t\t\t\t\t\t<\/div>\n\t\t<\/div>\n\t<\/div>\n<\/div>\n\t<\/div>\n\t<\/div>\n\t\t\t\t<\/div>\n\t\t\t\t<\/div>\n\t\t\t\t<div class=\"elementor-element elementor-element-c56d5ca elementor-hidden-desktop elementor-hidden-tablet elementor-widget elementor-widget-luxedrive_core_team_list\" data-id=\"c56d5ca\" data-element_type=\"widget\" data-widget_type=\"luxedrive_core_team_list.default\">\n\t\t\t\t<div class=\"elementor-widget-container\">\n\t\t\t\t\t<div class=\"qodef-shortcode qodef-m qodef-team-list qodef-item-layout--info-below qodef-skin--light qodef-grid qodef-layout--columns qodef-gutter--medium qodef-vertical-gutter--huge qodef-col-num--2 qodef-item-layout--info-below qodef-pagination--off qodef-responsive--predefined qodef-swiper--show-pagination qodef-swiper-pagination--fraction\" data-options=\"{&quot;plugin&quot;:&quot;luxedrive_core&quot;,&quot;module&quot;:&quot;post-types\\\/team\\\/shortcodes&quot;,&quot;shortcode&quot;:&quot;team-list&quot;,&quot;post_type&quot;:&quot;team&quot;,&quot;next_page&quot;:&quot;2&quot;,&quot;max_pages_num&quot;:1,&quot;behavior&quot;:&quot;columns&quot;,&quot;images_proportion&quot;:&quot;thumbnail&quot;,&quot;columns&quot;:&quot;2&quot;,&quot;columns_responsive&quot;:&quot;predefined&quot;,&quot;columns_1440&quot;:&quot;3&quot;,&quot;columns_1366&quot;:&quot;3&quot;,&quot;columns_1024&quot;:&quot;3&quot;,&quot;columns_768&quot;:&quot;3&quot;,&quot;columns_680&quot;:&quot;3&quot;,&quot;columns_480&quot;:&quot;3&quot;,&quot;space&quot;:&quot;medium&quot;,&quot;vertical_space&quot;:&quot;huge&quot;,&quot;slider_pagination_type&quot;:&quot;fraction&quot;,&quot;posts_per_page&quot;:&quot;2&quot;,&quot;orderby&quot;:&quot;date&quot;,&quot;order&quot;:&quot;ASC&quot;,&quot;additional_params&quot;:&quot;tax&quot;,&quot;tax&quot;:&quot;team-category&quot;,&quot;tax_slug&quot;:&quot;equipe&quot;,&quot;layout&quot;:&quot;info-below&quot;,&quot;title_tag&quot;:&quot;h5&quot;,&quot;skin&quot;:&quot;light&quot;,&quot;pagination_type&quot;:&quot;no-pagination&quot;,&quot;object_class_name&quot;:&quot;LuxeDriveCore_Team_List_Shortcode&quot;,&quot;taxonomy_filter&quot;:&quot;team-category&quot;,&quot;additional_query_args&quot;:{&quot;tax_query&quot;:[{&quot;taxonomy&quot;:&quot;team-category&quot;,&quot;field&quot;:&quot;slug&quot;,&quot;terms&quot;:&quot;equipe&quot;}]},&quot;item_classes&quot;:&quot;qodef-e qodef-grid-item &quot;,&quot;space_value&quot;:40}\">\n\t\t<div class=\"qodef-grid-inner\">\n\t\t<div class=\"qodef-e qodef-grid-item  post-427 team type-team status-publish has-post-thumbnail hentry team-category-equipe\">\n\t<div class=\"qodef-e-inner\">\n\t\t<div class=\"qodef-e-image\">\n\t\t\t\t<div class=\"qodef-e-media-image\">\n\t\t\t\t\t<img loading=\"lazy\" decoding=\"async\" width=\"150\" height=\"150\" src=\"https:\/\/www.automobiles-caveng.ch\/centre-occasion\/wp-content\/uploads\/2023\/01\/gegory-iannantuoni-150x150.jpg\" class=\"attachment-thumbnail size-thumbnail wp-post-image\" alt=\"\" \/>\t\t\t<\/div>\n\t\t<\/div>\n\t\t<div class=\"qodef-e-content\" >\n\t\t\t<h5 itemprop=\"name\" class=\"qodef-e-title entry-title\" >\n\t\t\tGr\u00e9gory IANNANTUONI\t<\/h5>\n\t\t\t\t<p class=\"qodef-e-role\">Responsable Centre Occasions<\/p>\n\t\t\t\t\t\t\t<div class=\"qodef-contact-info\">\n\t\t\t\t\t\t<a class=\"qodef-team-member-contact-info\" href=\"tel:+41%2022%20349%2031%2058\" target=\"_self\">\n\t\t\t\t\t<span class=\"qodef-icon-font-awesome fa fa-phone\" ><\/span>\t\t\t\t\t\t\t\t\t\t\t<span class=\"qodef-e-contact\">+41 22 349 31 58<\/span>\n\t\t\t\t\t\t\t\t\t<\/a>\n\t\t\t\t\t\t\t\t\t<a class=\"qodef-team-member-contact-info\" href=\"mailto:g.iannantuoni@garage-caveng.ch\" target=\"_blank\">\n\t\t\t\t\t<span class=\"qodef-icon-elegant-icons icon_mail_alt\" ><\/span>\t\t\t\t\t\t\t\t\t\t\t<span class=\"qodef-e-contact\">g.iannantuoni@garage-caveng.ch<\/span>\n\t\t\t\t\t\t\t\t\t<\/a>\n\t\t\t\t\t\t\t\t\t<a class=\"qodef-team-member-contact-info\" href=\"\" target=\"_blank\">\n\t\t\t\t\t<span class=\"qodef-icon-font-awesome fa fa-flag-checkered\" ><\/span>\t\t\t\t\t\t\t\t\t\t\t<span class=\"qodef-e-contact\">Langues: fran\u00e7ais, italien, espagnol, portugais<\/span>\n\t\t\t\t\t\t\t\t\t<\/a>\n\t\t\t\t\t\t<\/div>\n\t\t<\/div>\n\t<\/div>\n<\/div>\n<div class=\"qodef-e qodef-grid-item  post-9120 team type-team status-publish has-post-thumbnail hentry team-category-equipe\">\n\t<div class=\"qodef-e-inner\">\n\t\t<div class=\"qodef-e-image\">\n\t\t\t\t<div class=\"qodef-e-media-image\">\n\t\t\t\t\t<img loading=\"lazy\" decoding=\"async\" width=\"150\" height=\"150\" src=\"https:\/\/www.automobiles-caveng.ch\/centre-occasion\/wp-content\/uploads\/2023\/06\/Peter-Hookway-150x150.jpg\" class=\"attachment-thumbnail size-thumbnail wp-post-image\" alt=\"\" \/>\t\t\t<\/div>\n\t\t<\/div>\n\t\t<div class=\"qodef-e-content\" >\n\t\t\t<h5 itemprop=\"name\" class=\"qodef-e-title entry-title\" >\n\t\t\tPeter HOOKWAY\t<\/h5>\n\t\t\t\t<p class=\"qodef-e-role\">Conseiller de vente VO<\/p>\n\t\t\t\t\t\t\t<div class=\"qodef-contact-info\">\n\t\t\t\t\t\t<a class=\"qodef-team-member-contact-info\" href=\"tel:+41%2022%20349%2031%2059\" target=\"_self\">\n\t\t\t\t\t<span class=\"qodef-icon-font-awesome fa fa-phone\" ><\/span>\t\t\t\t\t\t\t\t\t\t\t<span class=\"qodef-e-contact\">+41 22 349 31 59<\/span>\n\t\t\t\t\t\t\t\t\t<\/a>\n\t\t\t\t\t\t\t\t\t<a class=\"qodef-team-member-contact-info\" href=\"tel:+41%2078%20306%2038.89\" target=\"_self\">\n\t\t\t\t\t<span class=\"qodef-icon-font-awesome fa fa-mobile-screen\" ><\/span>\t\t\t\t\t\t\t\t\t\t\t<span class=\"qodef-e-contact\">+41 78 306 38.89<\/span>\n\t\t\t\t\t\t\t\t\t<\/a>\n\t\t\t\t\t\t\t\t\t<a class=\"qodef-team-member-contact-info\" href=\"mailto:p.hookway@garage-caveng.ch\" target=\"_blank\">\n\t\t\t\t\t<span class=\"qodef-icon-elegant-icons icon_mail_alt\" ><\/span>\t\t\t\t\t\t\t\t\t\t\t<span class=\"qodef-e-contact\">p.hookway@garage-caveng.ch<\/span>\n\t\t\t\t\t\t\t\t\t<\/a>\n\t\t\t\t\t\t\t\t\t<a class=\"qodef-team-member-contact-info\" href=\"\" target=\"_blank\">\n\t\t\t\t\t<span class=\"qodef-icon-font-awesome fa fa-flag-checkered\" ><\/span>\t\t\t\t\t\t\t\t\t\t\t<span class=\"qodef-e-contact\">Langues: fran\u00e7ais, anglais<\/span>\n\t\t\t\t\t\t\t\t\t<\/a>\n\t\t\t\t\t\t<\/div>\n\t\t<\/div>\n\t<\/div>\n<\/div>\n\t<\/div>\n\t<\/div>\n\t\t\t\t<\/div>\n\t\t\t\t<\/div>\n\t\t\t\t<div class=\"elementor-element elementor-element-aef91e7 elementor-hidden-mobile elementor-widget elementor-widget-luxedrive_core_button\" data-id=\"aef91e7\" data-element_type=\"widget\" data-widget_type=\"luxedrive_core_button.default\">\n\t\t\t\t<div class=\"elementor-widget-container\">\n\t\t\t\t\t<a class=\"qodef-shortcode qodef-m qodef-button qodef-layout--outlined qodef-size--full qodef-html--link\" href=\"https:\/\/www.automobiles-caveng.ch\/centre-occasion\/services\/\" target=\"_self\" data-hover-color=\"#256F9C\" style=\"color: #FFFFFF\">\n\t<span class=\"qodef-m-text\">D\u00e9couvrez nos services Mercedes-Benz Certified.<\/span>\n<\/a>\n\t\t\t\t<\/div>\n\t\t\t\t<\/div>\n\t\t\t\t<div class=\"elementor-element elementor-element-9147a46 elementor-hidden-desktop elementor-hidden-tablet elementor-widget elementor-widget-luxedrive_core_button\" data-id=\"9147a46\" data-element_type=\"widget\" data-widget_type=\"luxedrive_core_button.default\">\n\t\t\t\t<div class=\"elementor-widget-container\">\n\t\t\t\t\t<a class=\"qodef-shortcode qodef-m qodef-button qodef-layout--outlined qodef-size--small qodef-html--link\" href=\"https:\/\/www.automobiles-caveng.ch\/centre-occasion\/services\/\" target=\"_self\" data-hover-color=\"#256F9C\" style=\"color: #FFFFFF;font-size: 10px\">\n\t<span class=\"qodef-m-text\">D\u00e9couvrez nos services Mercedes-Benz Certified.<\/span>\n<\/a>\n\t\t\t\t<\/div>\n\t\t\t\t<\/div>\n\t\t\t\t\t<\/div>\n\t\t<\/div>\n\t\t\t\t\t<\/div>\n\t\t<\/section>\n\t\t\t\t<section class=\"elementor-section elementor-top-section elementor-element elementor-element-a8e1cac elementor-section-full_width qodef-elementor-content-grid elementor-section-height-default elementor-section-height-default\" data-id=\"a8e1cac\" data-element_type=\"section\" data-settings=\"{&quot;background_background&quot;:&quot;classic&quot;}\">\n\t\t\t\t\t\t<div class=\"elementor-container elementor-column-gap-default\">\n\t\t\t\t\t<div class=\"elementor-column elementor-col-100 elementor-top-column elementor-element elementor-element-e3615da\" data-id=\"e3615da\" data-element_type=\"column\">\n\t\t\t<div class=\"elementor-widget-wrap\">\n\t\t\t\t\t\t\t<\/div>\n\t\t<\/div>\n\t\t\t\t\t<\/div>\n\t\t<\/section>\n\t\t\t\t<\/div>\n\t\t","protected":false},"excerpt":{"rendered":"<p>Automobiles Caveng. CENTRE OCCASIONS MERCEDES-BENZ CERTIFIED D\u00e9couvrez nos Occasions Certified D\u00e9couvrez nos Occasions Certified Chez\u00a0 Automobiles Caveng Centre Occasions, nous comprenons que l&rsquo;achat d&rsquo;une voiture d&rsquo;occasion est une d\u00e9cision importante, c&rsquo;est pourquoi nous nous engageons \u00e0 vous offrir une exp\u00e9rience d&rsquo;achat exceptionnelle, bas\u00e9e sur la transparence, la fiabilit\u00e9 et l\u2019enti\u00e8re satisfaction. Notre centre est r\u00e9put\u00e9 [&hellip;]<\/p>\n","protected":false},"author":1,"featured_media":0,"parent":0,"menu_order":0,"comment_status":"closed","ping_status":"closed","template":"page-full-width.php","meta":{"footnotes":""},"class_list":["post-4064","page","type-page","status-publish","hentry"],"yoast_head":"<!-- This site is optimized with the Yoast SEO plugin v26.2 - https:\/\/yoast.com\/wordpress\/plugins\/seo\/ -->\n<title>A propos | Centre Occasions Mercedes-Benz Certified Gen\u00e8ve<\/title>\n<meta name=\"description\" content=\"Centre Occasion Mercedes-Benz Certified Gen\u00e8ve. Tous les v\u00e9hicules sont soigneusement contr\u00f4l\u00e9s et certifi\u00e9s par nos techniciens qualifi\u00e9s.\" \/>\n<meta name=\"robots\" content=\"index, follow, max-snippet:-1, max-image-preview:large, max-video-preview:-1\" \/>\n<link rel=\"canonical\" href=\"https:\/\/www.automobiles-caveng.ch\/centre-occasion\/a-propos\/\" \/>\n<meta property=\"og:locale\" content=\"fr_FR\" \/>\n<meta property=\"og:type\" content=\"article\" \/>\n<meta property=\"og:title\" content=\"A propos | Centre Occasions Mercedes-Benz Certified Gen\u00e8ve\" \/>\n<meta property=\"og:description\" content=\"Centre Occasion Mercedes-Benz Certified Gen\u00e8ve. Tous les v\u00e9hicules sont soigneusement contr\u00f4l\u00e9s et certifi\u00e9s par nos techniciens qualifi\u00e9s.\" \/>\n<meta property=\"og:url\" content=\"https:\/\/www.automobiles-caveng.ch\/centre-occasion\/a-propos\/\" \/>\n<meta property=\"og:site_name\" content=\"Centre Occasions Mercedes-Benz Certified Gen\u00e8ve\" \/>\n<meta property=\"article:publisher\" content=\"https:\/\/www.facebook.com\/centreoccasionscaveng\/\" \/>\n<meta property=\"article:modified_time\" content=\"2026-03-17T15:57:17+00:00\" \/>\n<meta property=\"og:image\" content=\"https:\/\/www.automobiles-caveng.ch\/centre-occasion\/wp-content\/uploads\/2023\/06\/Caveng_Centre_Occasions_Mercedes_37.jpg\" \/>\n<meta name=\"twitter:card\" content=\"summary_large_image\" \/>\n<meta name=\"twitter:label1\" content=\"Dur\u00e9e de lecture estim\u00e9e\" \/>\n\t<meta name=\"twitter:data1\" content=\"8 minutes\" \/>\n<script type=\"application\/ld+json\" class=\"yoast-schema-graph\">{\"@context\":\"https:\/\/schema.org\",\"@graph\":[{\"@type\":\"WebPage\",\"@id\":\"https:\/\/www.automobiles-caveng.ch\/centre-occasion\/a-propos\/\",\"url\":\"https:\/\/www.automobiles-caveng.ch\/centre-occasion\/a-propos\/\",\"name\":\"A propos | Centre Occasions Mercedes-Benz Certified Gen\u00e8ve\",\"isPartOf\":{\"@id\":\"https:\/\/www.automobiles-caveng.ch\/centre-occasion\/#website\"},\"primaryImageOfPage\":{\"@id\":\"https:\/\/www.automobiles-caveng.ch\/centre-occasion\/a-propos\/#primaryimage\"},\"image\":{\"@id\":\"https:\/\/www.automobiles-caveng.ch\/centre-occasion\/a-propos\/#primaryimage\"},\"thumbnailUrl\":\"https:\/\/www.automobiles-caveng.ch\/centre-occasion\/wp-content\/uploads\/2023\/06\/Caveng_Centre_Occasions_Mercedes_37.jpg\",\"datePublished\":\"2023-03-01T09:53:23+00:00\",\"dateModified\":\"2026-03-17T15:57:17+00:00\",\"description\":\"Centre Occasion Mercedes-Benz Certified Gen\u00e8ve. Tous les v\u00e9hicules sont soigneusement contr\u00f4l\u00e9s et certifi\u00e9s par nos techniciens qualifi\u00e9s.\",\"breadcrumb\":{\"@id\":\"https:\/\/www.automobiles-caveng.ch\/centre-occasion\/a-propos\/#breadcrumb\"},\"inLanguage\":\"fr-FR\",\"potentialAction\":[{\"@type\":\"ReadAction\",\"target\":[\"https:\/\/www.automobiles-caveng.ch\/centre-occasion\/a-propos\/\"]}]},{\"@type\":\"ImageObject\",\"inLanguage\":\"fr-FR\",\"@id\":\"https:\/\/www.automobiles-caveng.ch\/centre-occasion\/a-propos\/#primaryimage\",\"url\":\"https:\/\/www.automobiles-caveng.ch\/centre-occasion\/wp-content\/uploads\/2023\/06\/Caveng_Centre_Occasions_Mercedes_37.jpg\",\"contentUrl\":\"https:\/\/www.automobiles-caveng.ch\/centre-occasion\/wp-content\/uploads\/2023\/06\/Caveng_Centre_Occasions_Mercedes_37.jpg\",\"width\":1711,\"height\":1294},{\"@type\":\"BreadcrumbList\",\"@id\":\"https:\/\/www.automobiles-caveng.ch\/centre-occasion\/a-propos\/#breadcrumb\",\"itemListElement\":[{\"@type\":\"ListItem\",\"position\":1,\"name\":\"Accueil\",\"item\":\"https:\/\/www.automobiles-caveng.ch\/centre-occasion\/\"},{\"@type\":\"ListItem\",\"position\":2,\"name\":\"A propos\"}]},{\"@type\":\"WebSite\",\"@id\":\"https:\/\/www.automobiles-caveng.ch\/centre-occasion\/#website\",\"url\":\"https:\/\/www.automobiles-caveng.ch\/centre-occasion\/\",\"name\":\"Centre Occasions Mercedes-Benz Certified Gen\u00e8ve\",\"description\":\"\",\"publisher\":{\"@id\":\"https:\/\/www.automobiles-caveng.ch\/centre-occasion\/#organization\"},\"potentialAction\":[{\"@type\":\"SearchAction\",\"target\":{\"@type\":\"EntryPoint\",\"urlTemplate\":\"https:\/\/www.automobiles-caveng.ch\/centre-occasion\/?s={search_term_string}\"},\"query-input\":{\"@type\":\"PropertyValueSpecification\",\"valueRequired\":true,\"valueName\":\"search_term_string\"}}],\"inLanguage\":\"fr-FR\"},{\"@type\":\"Organization\",\"@id\":\"https:\/\/www.automobiles-caveng.ch\/centre-occasion\/#organization\",\"name\":\"Centre Occasions Mercedes-Benz Certified Gen\u00e8ve\",\"url\":\"https:\/\/www.automobiles-caveng.ch\/centre-occasion\/\",\"logo\":{\"@type\":\"ImageObject\",\"inLanguage\":\"fr-FR\",\"@id\":\"https:\/\/www.automobiles-caveng.ch\/centre-occasion\/#\/schema\/logo\/image\/\",\"url\":\"https:\/\/www.automobiles-caveng.ch\/centre-occasion\/wp-content\/uploads\/2023\/08\/Caveng-logo-noir-copie-2.png\",\"contentUrl\":\"https:\/\/www.automobiles-caveng.ch\/centre-occasion\/wp-content\/uploads\/2023\/08\/Caveng-logo-noir-copie-2.png\",\"width\":3067,\"height\":1277,\"caption\":\"Centre Occasions Mercedes-Benz Certified Gen\u00e8ve\"},\"image\":{\"@id\":\"https:\/\/www.automobiles-caveng.ch\/centre-occasion\/#\/schema\/logo\/image\/\"},\"sameAs\":[\"https:\/\/www.facebook.com\/centreoccasionscaveng\/\",\"https:\/\/www.tiktok.com\/@centreoccasionscaveng?is_from_webapp=1&sender_device=pc\",\"https:\/\/www.instagram.com\/centre_occasions_caveng\/\"]}]}<\/script>\n<!-- \/ Yoast SEO plugin. -->","yoast_head_json":{"title":"A propos | Centre Occasions Mercedes-Benz Certified Gen\u00e8ve","description":"Centre Occasion Mercedes-Benz Certified Gen\u00e8ve. Tous les v\u00e9hicules sont soigneusement contr\u00f4l\u00e9s et certifi\u00e9s par nos techniciens qualifi\u00e9s.","robots":{"index":"index","follow":"follow","max-snippet":"max-snippet:-1","max-image-preview":"max-image-preview:large","max-video-preview":"max-video-preview:-1"},"canonical":"https:\/\/www.automobiles-caveng.ch\/centre-occasion\/a-propos\/","og_locale":"fr_FR","og_type":"article","og_title":"A propos | Centre Occasions Mercedes-Benz Certified Gen\u00e8ve","og_description":"Centre Occasion Mercedes-Benz Certified Gen\u00e8ve. Tous les v\u00e9hicules sont soigneusement contr\u00f4l\u00e9s et certifi\u00e9s par nos techniciens qualifi\u00e9s.","og_url":"https:\/\/www.automobiles-caveng.ch\/centre-occasion\/a-propos\/","og_site_name":"Centre Occasions Mercedes-Benz Certified Gen\u00e8ve","article_publisher":"https:\/\/www.facebook.com\/centreoccasionscaveng\/","article_modified_time":"2026-03-17T15:57:17+00:00","og_image":[{"url":"https:\/\/www.automobiles-caveng.ch\/centre-occasion\/wp-content\/uploads\/2023\/06\/Caveng_Centre_Occasions_Mercedes_37.jpg","type":"","width":"","height":""}],"twitter_card":"summary_large_image","twitter_misc":{"Dur\u00e9e de lecture estim\u00e9e":"8 minutes"},"schema":{"@context":"https:\/\/schema.org","@graph":[{"@type":"WebPage","@id":"https:\/\/www.automobiles-caveng.ch\/centre-occasion\/a-propos\/","url":"https:\/\/www.automobiles-caveng.ch\/centre-occasion\/a-propos\/","name":"A propos | Centre Occasions Mercedes-Benz Certified Gen\u00e8ve","isPartOf":{"@id":"https:\/\/www.automobiles-caveng.ch\/centre-occasion\/#website"},"primaryImageOfPage":{"@id":"https:\/\/www.automobiles-caveng.ch\/centre-occasion\/a-propos\/#primaryimage"},"image":{"@id":"https:\/\/www.automobiles-caveng.ch\/centre-occasion\/a-propos\/#primaryimage"},"thumbnailUrl":"https:\/\/www.automobiles-caveng.ch\/centre-occasion\/wp-content\/uploads\/2023\/06\/Caveng_Centre_Occasions_Mercedes_37.jpg","datePublished":"2023-03-01T09:53:23+00:00","dateModified":"2026-03-17T15:57:17+00:00","description":"Centre Occasion Mercedes-Benz Certified Gen\u00e8ve. Tous les v\u00e9hicules sont soigneusement contr\u00f4l\u00e9s et certifi\u00e9s par nos techniciens qualifi\u00e9s.","breadcrumb":{"@id":"https:\/\/www.automobiles-caveng.ch\/centre-occasion\/a-propos\/#breadcrumb"},"inLanguage":"fr-FR","potentialAction":[{"@type":"ReadAction","target":["https:\/\/www.automobiles-caveng.ch\/centre-occasion\/a-propos\/"]}]},{"@type":"ImageObject","inLanguage":"fr-FR","@id":"https:\/\/www.automobiles-caveng.ch\/centre-occasion\/a-propos\/#primaryimage","url":"https:\/\/www.automobiles-caveng.ch\/centre-occasion\/wp-content\/uploads\/2023\/06\/Caveng_Centre_Occasions_Mercedes_37.jpg","contentUrl":"https:\/\/www.automobiles-caveng.ch\/centre-occasion\/wp-content\/uploads\/2023\/06\/Caveng_Centre_Occasions_Mercedes_37.jpg","width":1711,"height":1294},{"@type":"BreadcrumbList","@id":"https:\/\/www.automobiles-caveng.ch\/centre-occasion\/a-propos\/#breadcrumb","itemListElement":[{"@type":"ListItem","position":1,"name":"Accueil","item":"https:\/\/www.automobiles-caveng.ch\/centre-occasion\/"},{"@type":"ListItem","position":2,"name":"A propos"}]},{"@type":"WebSite","@id":"https:\/\/www.automobiles-caveng.ch\/centre-occasion\/#website","url":"https:\/\/www.automobiles-caveng.ch\/centre-occasion\/","name":"Centre Occasions Mercedes-Benz Certified Gen\u00e8ve","description":"","publisher":{"@id":"https:\/\/www.automobiles-caveng.ch\/centre-occasion\/#organization"},"potentialAction":[{"@type":"SearchAction","target":{"@type":"EntryPoint","urlTemplate":"https:\/\/www.automobiles-caveng.ch\/centre-occasion\/?s={search_term_string}"},"query-input":{"@type":"PropertyValueSpecification","valueRequired":true,"valueName":"search_term_string"}}],"inLanguage":"fr-FR"},{"@type":"Organization","@id":"https:\/\/www.automobiles-caveng.ch\/centre-occasion\/#organization","name":"Centre Occasions Mercedes-Benz Certified Gen\u00e8ve","url":"https:\/\/www.automobiles-caveng.ch\/centre-occasion\/","logo":{"@type":"ImageObject","inLanguage":"fr-FR","@id":"https:\/\/www.automobiles-caveng.ch\/centre-occasion\/#\/schema\/logo\/image\/","url":"https:\/\/www.automobiles-caveng.ch\/centre-occasion\/wp-content\/uploads\/2023\/08\/Caveng-logo-noir-copie-2.png","contentUrl":"https:\/\/www.automobiles-caveng.ch\/centre-occasion\/wp-content\/uploads\/2023\/08\/Caveng-logo-noir-copie-2.png","width":3067,"height":1277,"caption":"Centre Occasions Mercedes-Benz Certified Gen\u00e8ve"},"image":{"@id":"https:\/\/www.automobiles-caveng.ch\/centre-occasion\/#\/schema\/logo\/image\/"},"sameAs":["https:\/\/www.facebook.com\/centreoccasionscaveng\/","https:\/\/www.tiktok.com\/@centreoccasionscaveng?is_from_webapp=1&sender_device=pc","https:\/\/www.instagram.com\/centre_occasions_caveng\/"]}]}},"_links":{"self":[{"href":"https:\/\/www.automobiles-caveng.ch\/centre-occasion\/wp-json\/wp\/v2\/pages\/4064","targetHints":{"allow":["GET"]}}],"collection":[{"href":"https:\/\/www.automobiles-caveng.ch\/centre-occasion\/wp-json\/wp\/v2\/pages"}],"about":[{"href":"https:\/\/www.automobiles-caveng.ch\/centre-occasion\/wp-json\/wp\/v2\/types\/page"}],"author":[{"embeddable":true,"href":"https:\/\/www.automobiles-caveng.ch\/centre-occasion\/wp-json\/wp\/v2\/users\/1"}],"replies":[{"embeddable":true,"href":"https:\/\/www.automobiles-caveng.ch\/centre-occasion\/wp-json\/wp\/v2\/comments?post=4064"}],"version-history":[{"count":90,"href":"https:\/\/www.automobiles-caveng.ch\/centre-occasion\/wp-json\/wp\/v2\/pages\/4064\/revisions"}],"predecessor-version":[{"id":12622,"href":"https:\/\/www.automobiles-caveng.ch\/centre-occasion\/wp-json\/wp\/v2\/pages\/4064\/revisions\/12622"}],"wp:attachment":[{"href":"https:\/\/www.automobiles-caveng.ch\/centre-occasion\/wp-json\/wp\/v2\/media?parent=4064"}],"curies":[{"name":"wp","href":"https:\/\/api.w.org\/{rel}","templated":true}]}}